{"id":23,"date":"2022-12-10T10:17:02","date_gmt":"2022-12-10T09:17:02","guid":{"rendered":"https:\/\/www.nm-estetyka.pl\/?page_id=23"},"modified":"2026-07-23T10:35:45","modified_gmt":"2026-07-23T08:35:45","slug":"home","status":"publish","type":"page","link":"https:\/\/www.nm-estetyka.pl\/en\/","title":{"rendered":"Home"},"content":{"rendered":"\t\t<div data-elementor-type=\"wp-page\" data-elementor-id=\"23\" class=\"elementor elementor-23\">\n\t\t\t\t\t\t<section class=\"elementor-section elementor-top-section elementor-element elementor-element-2e394d1 elementor-section-boxed elementor-section-height-default elementor-section-height-default\" data-id=\"2e394d1\" data-element_type=\"section\" data-e-type=\"section\">\n\t\t\t\t\t\t<div class=\"elementor-container elementor-column-gap-default\">\n\t\t\t\t\t<div class=\"elementor-column elementor-col-100 elementor-top-column elementor-element elementor-element-44afdaa\" data-id=\"44afdaa\" data-element_type=\"column\" data-e-type=\"column\">\n\t\t\t<div class=\"elementor-widget-wrap elementor-element-populated\">\n\t\t\t\t\t\t<div class=\"elementor-element elementor-element-a5f3a88 elementor-hidden-desktop elementor-hidden-tablet elementor-widget elementor-widget-spacer\" data-id=\"a5f3a88\" data-element_type=\"widget\" data-e-type=\"widget\" data-widget_type=\"spacer.default\">\n\t\t\t\t<div class=\"elementor-widget-container\">\n\t\t\t\t\t\t\t<div class=\"elementor-spacer\">\n\t\t\t<div class=\"elementor-spacer-inner\"><\/div>\n\t\t<\/div>\n\t\t\t\t\t\t<\/div>\n\t\t\t\t<\/div>\n\t\t\t\t\t<\/div>\n\t\t<\/div>\n\t\t\t\t\t<\/div>\n\t\t<\/section>\n\t\t\t\t<section class=\"elementor-section elementor-top-section elementor-element elementor-element-37766d0 elementor-section-height-min-height elementor-section-content-top elementor-section-boxed elementor-section-height-default elementor-section-items-middle\" data-id=\"37766d0\" data-element_type=\"section\" data-e-type=\"section\">\n\t\t\t\t\t\t<div class=\"elementor-container elementor-column-gap-no\">\n\t\t\t\t\t<div class=\"elementor-column elementor-col-33 elementor-top-column elementor-element elementor-element-8000570\" data-id=\"8000570\" data-element_type=\"column\" data-e-type=\"column\">\n\t\t\t<div class=\"elementor-widget-wrap elementor-element-populated\">\n\t\t\t\t\t\t<div class=\"elementor-element elementor-element-1c0fc5d elementor-widget elementor-widget-heading\" data-id=\"1c0fc5d\" data-element_type=\"widget\" data-e-type=\"widget\" data-widget_type=\"heading.default\">\n\t\t\t\t<div class=\"elementor-widget-container\">\n\t\t\t\t\t<h1 class=\"elementor-heading-title elementor-size-large\"><br><h1 class=\"elementor-heading-title elementor-size-large elementor-inline-editing pen\" data-elementor-setting-key=\"title\" data-pen-placeholder=\"Pisz tutaj...\">Studio Mikropigmentacji<\/h1><\/h1>\t\t\t\t<\/div>\n\t\t\t\t<\/div>\n\t\t\t\t<div class=\"elementor-element elementor-element-ad8b262 elementor-widget elementor-widget-text-editor\" data-id=\"ad8b262\" data-element_type=\"widget\" data-e-type=\"widget\" data-widget_type=\"text-editor.default\">\n\t\t\t\t<div class=\"elementor-widget-container\">\n\t\t\t\t\t\t\t\t\t<ul><li>Mikropigmentacja sk\u00f3ry g\u0142owy i zarostu<\/li><li>Makija\u017c permanentny<\/li><li>Laserowe usuwanie makija\u017cu permanentnego<\/li><li>Mikropigmentacja pieg\u00f3w<\/li><li>Mikropigmentacja brodawki<\/li><li>Maskowanie blizn za pomoc\u0105 mikropigmentacji<\/li><\/ul>\t\t\t\t\t\t\t\t<\/div>\n\t\t\t\t<\/div>\n\t\t\t\t<div class=\"elementor-element elementor-element-f27cdaa elementor-widget elementor-widget-text-editor\" data-id=\"f27cdaa\" data-element_type=\"widget\" data-e-type=\"widget\" data-widget_type=\"text-editor.default\">\n\t\t\t\t<div class=\"elementor-widget-container\">\n\t\t\t\t\t\t\t\t\t<p data-pm-slice=\"1 1 []\">Zobacz na sobie planowany efekt mikropigmentacji. Um\u00f3w si\u0119 na konsultacj\u0119 z indywidualn\u0105 wizualizacj\u0105.<\/p>\t\t\t\t\t\t\t\t<\/div>\n\t\t\t\t<\/div>\n\t\t\t\t<div class=\"elementor-element elementor-element-8882ef6 elementor-mobile-align-center elementor-align-center elementor-widget elementor-widget-button\" data-id=\"8882ef6\" data-element_type=\"widget\" data-e-type=\"widget\" data-widget_type=\"button.default\">\n\t\t\t\t<div class=\"elementor-widget-container\">\n\t\t\t\t\t\t\t\t\t<div class=\"elementor-button-wrapper\">\n\t\t\t\t\t<a class=\"elementor-button elementor-button-link elementor-size-sm\" href=\"https:\/\/www.nm-estetyka.pl\/kontakt\/\">\n\t\t\t\t\t\t<span class=\"elementor-button-content-wrapper\">\n\t\t\t\t\t\t<span class=\"elementor-button-icon\">\n\t\t\t\t<i aria-hidden=\"true\" class=\"fas fa-envelope\"><\/i>\t\t\t<\/span>\n\t\t\t\t\t\t\t\t\t<span class=\"elementor-button-text\">Um\u00f3w konsultacj\u0119<\/span>\n\t\t\t\t\t<\/span>\n\t\t\t\t\t<\/a>\n\t\t\t\t<\/div>\n\t\t\t\t\t\t\t\t<\/div>\n\t\t\t\t<\/div>\n\t\t\t\t\t<\/div>\n\t\t<\/div>\n\t\t\t\t<div class=\"elementor-column elementor-col-33 elementor-top-column elementor-element elementor-element-21a5b63\" data-id=\"21a5b63\" data-element_type=\"column\" data-e-type=\"column\">\n\t\t\t<div class=\"elementor-widget-wrap elementor-element-populated\">\n\t\t\t\t\t\t<div class=\"elementor-element elementor-element-a25fbaf elementor-widget__width-auto elementor-widget elementor-widget-video\" data-id=\"a25fbaf\" data-element_type=\"widget\" data-e-type=\"widget\" data-settings=\"{&quot;video_type&quot;:&quot;hosted&quot;,&quot;autoplay&quot;:&quot;yes&quot;,&quot;play_on_mobile&quot;:&quot;yes&quot;,&quot;mute&quot;:&quot;yes&quot;,&quot;loop&quot;:&quot;yes&quot;,&quot;controls&quot;:&quot;yes&quot;}\" data-widget_type=\"video.default\">\n\t\t\t\t<div class=\"elementor-widget-container\">\n\t\t\t\t\t\t\t<div class=\"e-hosted-video elementor-wrapper elementor-open-inline\">\n\t\t\t\t\t<video class=\"elementor-video\" src=\"https:\/\/www.nm-estetyka.pl\/wp-content\/uploads\/2025\/02\/bfb20c0f3d2e47e2924e7e03687f4600-1.mp4\" autoplay=\"\" loop=\"\" controls=\"\" muted=\"muted\" playsinline=\"\" controlsList=\"nodownload\"><\/video>\n\t\t\t\t<\/div>\n\t\t\t\t\t\t<\/div>\n\t\t\t\t<\/div>\n\t\t\t\t\t<\/div>\n\t\t<\/div>\n\t\t\t\t<div class=\"elementor-column elementor-col-33 elementor-top-column elementor-element elementor-element-b7ab5af\" data-id=\"b7ab5af\" data-element_type=\"column\" data-e-type=\"column\">\n\t\t\t<div class=\"elementor-widget-wrap elementor-element-populated\">\n\t\t\t\t\t\t<div class=\"elementor-element elementor-element-7b2d32a elementor-widget__width-auto elementor-widget elementor-widget-video\" data-id=\"7b2d32a\" data-element_type=\"widget\" data-e-type=\"widget\" data-settings=\"{&quot;video_type&quot;:&quot;hosted&quot;,&quot;autoplay&quot;:&quot;yes&quot;,&quot;mute&quot;:&quot;yes&quot;,&quot;loop&quot;:&quot;yes&quot;,&quot;controls&quot;:&quot;yes&quot;}\" data-widget_type=\"video.default\">\n\t\t\t\t<div class=\"elementor-widget-container\">\n\t\t\t\t\t\t\t<div class=\"e-hosted-video elementor-wrapper elementor-open-inline\">\n\t\t\t\t\t<video class=\"elementor-video\" src=\"https:\/\/www.nm-estetyka.pl\/wp-content\/uploads\/2025\/02\/98d61122231046ed9ff7908db0d23c1e.mp4\" autoplay=\"\" loop=\"\" controls=\"\" muted=\"muted\" controlsList=\"nodownload\"><\/video>\n\t\t\t\t<\/div>\n\t\t\t\t\t\t<\/div>\n\t\t\t\t<\/div>\n\t\t\t\t\t<\/div>\n\t\t<\/div>\n\t\t\t\t\t<\/div>\n\t\t<\/section>\n\t\t\t\t<section class=\"elementor-section elementor-top-section elementor-element elementor-element-848db6c elementor-section-boxed elementor-section-height-default elementor-section-height-default\" data-id=\"848db6c\" data-element_type=\"section\" data-e-type=\"section\" data-settings=\"{&quot;background_background&quot;:&quot;classic&quot;}\">\n\t\t\t\t\t\t<div class=\"elementor-container elementor-column-gap-default\">\n\t\t\t\t\t<div class=\"elementor-column elementor-col-100 elementor-top-column elementor-element elementor-element-4f79370\" data-id=\"4f79370\" data-element_type=\"column\" data-e-type=\"column\">\n\t\t\t<div class=\"elementor-widget-wrap elementor-element-populated\">\n\t\t\t\t\t\t<div class=\"elementor-element elementor-element-07c5218 elementor-widget-divider--view-line elementor-widget elementor-widget-divider\" data-id=\"07c5218\" data-element_type=\"widget\" data-e-type=\"widget\" data-widget_type=\"divider.default\">\n\t\t\t\t<div class=\"elementor-widget-container\">\n\t\t\t\t\t\t\t<div class=\"elementor-divider\">\n\t\t\t<span class=\"elementor-divider-separator\">\n\t\t\t\t\t\t<\/span>\n\t\t<\/div>\n\t\t\t\t\t\t<\/div>\n\t\t\t\t<\/div>\n\t\t\t\t<div class=\"elementor-element elementor-element-e625bf5 elementor-widget elementor-widget-spacer\" data-id=\"e625bf5\" data-element_type=\"widget\" data-e-type=\"widget\" data-widget_type=\"spacer.default\">\n\t\t\t\t<div class=\"elementor-widget-container\">\n\t\t\t\t\t\t\t<div class=\"elementor-spacer\">\n\t\t\t<div class=\"elementor-spacer-inner\"><\/div>\n\t\t<\/div>\n\t\t\t\t\t\t<\/div>\n\t\t\t\t<\/div>\n\t\t\t\t<section class=\"elementor-section elementor-inner-section elementor-element elementor-element-d12036b elementor-reverse-mobile elementor-section-boxed elementor-section-height-default elementor-section-height-default\" data-id=\"d12036b\" data-element_type=\"section\" data-e-type=\"section\">\n\t\t\t\t\t\t<div class=\"elementor-container elementor-column-gap-default\">\n\t\t\t\t\t<div class=\"elementor-column elementor-col-50 elementor-inner-column elementor-element elementor-element-9a65a50\" data-id=\"9a65a50\" data-element_type=\"column\" data-e-type=\"column\">\n\t\t\t<div class=\"elementor-widget-wrap elementor-element-populated\">\n\t\t\t\t\t\t<div class=\"elementor-element elementor-element-4bec38c elementor-widget elementor-widget-image\" data-id=\"4bec38c\" data-element_type=\"widget\" data-e-type=\"widget\" data-widget_type=\"image.default\">\n\t\t\t\t<div class=\"elementor-widget-container\">\n\t\t\t\t\t\t\t\t\t\t\t\t\t\t\t<img fetchpriority=\"high\" decoding=\"async\" width=\"683\" height=\"1024\" src=\"https:\/\/www.nm-estetyka.pl\/wp-content\/uploads\/2023\/03\/334900382_1954692284877413_4532341523291799488_n-683x1024.jpg\" class=\"attachment-large size-large wp-image-395\" alt=\"\" srcset=\"https:\/\/www.nm-estetyka.pl\/wp-content\/uploads\/2023\/03\/334900382_1954692284877413_4532341523291799488_n-683x1024.jpg 683w, https:\/\/www.nm-estetyka.pl\/wp-content\/uploads\/2023\/03\/334900382_1954692284877413_4532341523291799488_n-200x300.jpg 200w, https:\/\/www.nm-estetyka.pl\/wp-content\/uploads\/2023\/03\/334900382_1954692284877413_4532341523291799488_n-768x1152.jpg 768w, https:\/\/www.nm-estetyka.pl\/wp-content\/uploads\/2023\/03\/334900382_1954692284877413_4532341523291799488_n-1024x1536.jpg 1024w, https:\/\/www.nm-estetyka.pl\/wp-content\/uploads\/2023\/03\/334900382_1954692284877413_4532341523291799488_n.jpg 1178w\" sizes=\"(max-width: 683px) 100vw, 683px\" \/>\t\t\t\t\t\t\t\t\t\t\t\t\t\t\t<\/div>\n\t\t\t\t<\/div>\n\t\t\t\t\t<\/div>\n\t\t<\/div>\n\t\t\t\t<div class=\"elementor-column elementor-col-50 elementor-inner-column elementor-element elementor-element-056d924\" data-id=\"056d924\" data-element_type=\"column\" data-e-type=\"column\">\n\t\t\t<div class=\"elementor-widget-wrap elementor-element-populated\">\n\t\t\t\t\t\t<div class=\"elementor-element elementor-element-8b06389 elementor-widget elementor-widget-heading\" data-id=\"8b06389\" data-element_type=\"widget\" data-e-type=\"widget\" data-widget_type=\"heading.default\">\n\t\t\t\t<div class=\"elementor-widget-container\">\n\t\t\t\t\t<h2 class=\"elementor-heading-title elementor-size-default\">Nadia Mencnarowska<\/h2>\t\t\t\t<\/div>\n\t\t\t\t<\/div>\n\t\t\t\t<div class=\"elementor-element elementor-element-ef6fcc9 elementor-widget-divider--view-line elementor-widget elementor-widget-divider\" data-id=\"ef6fcc9\" data-element_type=\"widget\" data-e-type=\"widget\" data-widget_type=\"divider.default\">\n\t\t\t\t<div class=\"elementor-widget-container\">\n\t\t\t\t\t\t\t<div class=\"elementor-divider\">\n\t\t\t<span class=\"elementor-divider-separator\">\n\t\t\t\t\t\t<\/span>\n\t\t<\/div>\n\t\t\t\t\t\t<\/div>\n\t\t\t\t<\/div>\n\t\t\t\t<div class=\"elementor-element elementor-element-344f82f elementor-widget elementor-widget-text-editor\" data-id=\"344f82f\" data-element_type=\"widget\" data-e-type=\"widget\" data-widget_type=\"text-editor.default\">\n\t\t\t\t<div class=\"elementor-widget-container\">\n\t\t\t\t\t\t\t\t\t<p>ARTYSTA MIKROPIGMENTACJI PMU &amp; SMP<\/p>\t\t\t\t\t\t\t\t<\/div>\n\t\t\t\t<\/div>\n\t\t\t\t<div class=\"elementor-element elementor-element-518d173 elementor-widget elementor-widget-text-editor\" data-id=\"518d173\" data-element_type=\"widget\" data-e-type=\"widget\" data-widget_type=\"text-editor.default\">\n\t\t\t\t<div class=\"elementor-widget-container\">\n\t\t\t\t\t\t\t\t\t<p class=\"_04xlpA direction-ltr align-center para-style-body\"><span class=\"JsGRdQ\">Z obszarem estetyki zwi\u0105zana jestem od przesz\u0142o 10 lat. Od pierwszego wykonanego zabiegu widz\u0119, jak skutecznie dobrany wizerunek, zdrowa sk\u00f3ra i dbanie o siebie bardzo mocno oddzia\u0142uj\u0105 na to, co dzieje si\u0119 w g\u0142owie i &#8222;duszy&#8221; moich klient\u00f3w.<\/span><\/p><p class=\"_04xlpA direction-ltr align-center para-style-body\"><span class=\"JsGRdQ\">Zajmuj\u0119 si\u0119 mikropigmentacj\u0105 estetyczn\u0105 i medyczn\u0105 oraz usuwaniem niechcianych pigmentacji. Kompleksowo prowadz\u0119 moich podopiecznych w drodze do <strong>wi\u0119kszej pewno\u015bci siebie<\/strong> i profesjonalnego dbania o sw\u00f3j wygl\u0105d.\u00a0<\/span><\/p><p class=\"_04xlpA direction-ltr align-center para-style-body\">Pracuj\u0119 g\u0142\u00f3wnie z osobami \u015bwiata sportu, biznesu oraz osobami medialnymi. Ka\u017cdy m\u00f3j klient otrzymuje profesjonaln\u0105 konsultacj\u0119, podczas kt\u00f3rej s\u0142ucham oczekiwa\u0144, przedstawiam moj\u0105 technik\u0119 pracy i razem ustalamy dalsze kroki.\u00a0<\/p><p class=\"_04xlpA direction-ltr align-center para-style-body\">Moje miejsce to butikowe studio mikropigmentacji wyposa\u017cone we wszystkie atrybuty przestrzeni przyjaznej i profesjonalnej. Goszcz\u0119 osoby chc\u0105ce zmieni\u0107 sw\u00f3j wizerunek i swoje samopoczucie.\u00a0<\/p><p class=\"_04xlpA direction-ltr align-center para-style-body\">\u00a0<\/p><p class=\"_04xlpA direction-ltr align-center para-style-body\">\u00a0<\/p>\t\t\t\t\t\t\t\t<\/div>\n\t\t\t\t<\/div>\n\t\t\t\t\t<\/div>\n\t\t<\/div>\n\t\t\t\t\t<\/div>\n\t\t<\/section>\n\t\t\t\t<div class=\"elementor-element elementor-element-f1836b8 elementor-widget elementor-widget-spacer\" data-id=\"f1836b8\" data-element_type=\"widget\" data-e-type=\"widget\" data-widget_type=\"spacer.default\">\n\t\t\t\t<div class=\"elementor-widget-container\">\n\t\t\t\t\t\t\t<div class=\"elementor-spacer\">\n\t\t\t<div class=\"elementor-spacer-inner\"><\/div>\n\t\t<\/div>\n\t\t\t\t\t\t<\/div>\n\t\t\t\t<\/div>\n\t\t\t\t<div class=\"elementor-element elementor-element-dc61051 elementor-hidden-mobile elementor-widget elementor-widget-gallery\" data-id=\"dc61051\" data-element_type=\"widget\" data-e-type=\"widget\" data-settings=\"{&quot;columns&quot;:6,&quot;content_hover_animation&quot;:&quot;enter-from-left&quot;,&quot;motion_fx_motion_fx_scrolling&quot;:&quot;yes&quot;,&quot;motion_fx_devices&quot;:[&quot;mobile&quot;],&quot;lazyload&quot;:&quot;yes&quot;,&quot;gallery_layout&quot;:&quot;grid&quot;,&quot;columns_tablet&quot;:2,&quot;columns_mobile&quot;:1,&quot;gap&quot;:{&quot;unit&quot;:&quot;px&quot;,&quot;size&quot;:10,&quot;sizes&quot;:[]},&quot;gap_tablet&quot;:{&quot;unit&quot;:&quot;px&quot;,&quot;size&quot;:10,&quot;sizes&quot;:[]},&quot;gap_mobile&quot;:{&quot;unit&quot;:&quot;px&quot;,&quot;size&quot;:10,&quot;sizes&quot;:[]},&quot;aspect_ratio&quot;:&quot;3:2&quot;}\" data-widget_type=\"gallery.default\">\n\t\t\t\t<div class=\"elementor-widget-container\">\n\t\t\t\t\t\t\t<div class=\"elementor-gallery__container\">\n\t\t\t\t\t\t\t<div class=\"e-gallery-item elementor-gallery-item elementor-animated-content\">\n\t\t\t\t\t<div class=\"e-gallery-image elementor-gallery-item__image\" data-thumbnail=\"https:\/\/www.nm-estetyka.pl\/wp-content\/uploads\/2023\/03\/20221112_DSC_0319_Edit-1-scaled.jpg\" data-width=\"2560\" data-height=\"1705\" alt=\"makija\u017c permanentny Warszawa\" ><\/div>\n\t\t\t\t\t\t\t\t\t\t\t\t\t\t<\/div>\n\t\t\t\t\t\t\t<div class=\"e-gallery-item elementor-gallery-item elementor-animated-content\">\n\t\t\t\t\t<div class=\"e-gallery-image elementor-gallery-item__image\" data-thumbnail=\"https:\/\/www.nm-estetyka.pl\/wp-content\/uploads\/2024\/07\/certyfikat-26.jpeg\" data-width=\"1367\" data-height=\"1011\" alt=\"mikropigmentacja sk\u00f3ry g\u0142owy Warszawa\" ><\/div>\n\t\t\t\t\t\t\t\t\t\t\t\t\t\t<\/div>\n\t\t\t\t\t\t\t<div class=\"e-gallery-item elementor-gallery-item elementor-animated-content\">\n\t\t\t\t\t<div class=\"e-gallery-image elementor-gallery-item__image\" data-thumbnail=\"https:\/\/www.nm-estetyka.pl\/wp-content\/uploads\/2024\/07\/certyfikat-16.jpeg\" data-width=\"1369\" data-height=\"984\" alt=\"mikropigmentacja sk\u00f3ry g\u0142owy Warszawa\" ><\/div>\n\t\t\t\t\t\t\t\t\t\t\t\t\t\t<\/div>\n\t\t\t\t\t\t\t<div class=\"e-gallery-item elementor-gallery-item elementor-animated-content\">\n\t\t\t\t\t<div class=\"e-gallery-image elementor-gallery-item__image\" data-thumbnail=\"https:\/\/www.nm-estetyka.pl\/wp-content\/uploads\/2024\/07\/WhatsApp-Image-2024-07-29-at-09.20.07.jpeg\" data-width=\"1600\" data-height=\"1191\" alt=\"mikropigmentacja sk\u00f3ry g\u0142owy Warszawa\" ><\/div>\n\t\t\t\t\t\t\t\t\t\t\t\t\t\t<\/div>\n\t\t\t\t\t\t\t<div class=\"e-gallery-item elementor-gallery-item elementor-animated-content\">\n\t\t\t\t\t<div class=\"e-gallery-image elementor-gallery-item__image\" data-thumbnail=\"https:\/\/www.nm-estetyka.pl\/wp-content\/uploads\/2024\/07\/certyfikat-6.jpeg\" data-width=\"1272\" data-height=\"916\" alt=\"mikropigmentacja zarostu Warszawa\" ><\/div>\n\t\t\t\t\t\t\t\t\t\t\t\t\t\t<\/div>\n\t\t\t\t\t\t\t<div class=\"e-gallery-item elementor-gallery-item elementor-animated-content\">\n\t\t\t\t\t<div class=\"e-gallery-image elementor-gallery-item__image\" data-thumbnail=\"https:\/\/www.nm-estetyka.pl\/wp-content\/uploads\/2024\/07\/certyfikat-25.jpeg\" data-width=\"1342\" data-height=\"944\" alt=\"mikropigmentacja sk\u00f3ry g\u0142owy Warszawa\" ><\/div>\n\t\t\t\t\t\t\t\t\t\t\t\t\t\t<\/div>\n\t\t\t\t\t\t\t<div class=\"e-gallery-item elementor-gallery-item elementor-animated-content\">\n\t\t\t\t\t<div class=\"e-gallery-image elementor-gallery-item__image\" data-thumbnail=\"https:\/\/www.nm-estetyka.pl\/wp-content\/uploads\/2024\/07\/certyfikat-20.jpeg\" data-width=\"919\" data-height=\"1312\" alt=\"mikropigmentacja sk\u00f3ry g\u0142owy Warszawa\" ><\/div>\n\t\t\t\t\t\t\t\t\t\t\t\t\t\t<\/div>\n\t\t\t\t\t\t\t<div class=\"e-gallery-item elementor-gallery-item elementor-animated-content\">\n\t\t\t\t\t<div class=\"e-gallery-image elementor-gallery-item__image\" data-thumbnail=\"https:\/\/www.nm-estetyka.pl\/wp-content\/uploads\/2024\/07\/certyfikat-21.jpeg\" data-width=\"909\" data-height=\"1301\" alt=\"mikropigmentacja sk\u00f3ry g\u0142owy Warszawa\" ><\/div>\n\t\t\t\t\t\t\t\t\t\t\t\t\t\t<\/div>\n\t\t\t\t\t\t\t<div class=\"e-gallery-item elementor-gallery-item elementor-animated-content\">\n\t\t\t\t\t<div class=\"e-gallery-image elementor-gallery-item__image\" data-thumbnail=\"https:\/\/www.nm-estetyka.pl\/wp-content\/uploads\/2024\/07\/certyfikat-19.jpeg\" data-width=\"905\" data-height=\"1296\" alt=\"mikropigmentacja sk\u00f3ry g\u0142owy Warszawa\" ><\/div>\n\t\t\t\t\t\t\t\t\t\t\t\t\t\t<\/div>\n\t\t\t\t\t\t\t<div class=\"e-gallery-item elementor-gallery-item elementor-animated-content\">\n\t\t\t\t\t<div class=\"e-gallery-image elementor-gallery-item__image\" data-thumbnail=\"https:\/\/www.nm-estetyka.pl\/wp-content\/uploads\/2024\/07\/certyfikat-18.jpeg\" data-width=\"927\" data-height=\"1346\" alt=\"mikropigmentacja sk\u00f3ry g\u0142owy Warszawa\" ><\/div>\n\t\t\t\t\t\t\t\t\t\t\t\t\t\t<\/div>\n\t\t\t\t\t\t\t<div class=\"e-gallery-item elementor-gallery-item elementor-animated-content\">\n\t\t\t\t\t<div class=\"e-gallery-image elementor-gallery-item__image\" data-thumbnail=\"https:\/\/www.nm-estetyka.pl\/wp-content\/uploads\/2024\/07\/certyfikat-17.jpeg\" data-width=\"894\" data-height=\"1296\" alt=\"mikropigmentacja sk\u00f3ry g\u0142owy Warszawa\" ><\/div>\n\t\t\t\t\t\t\t\t\t\t\t\t\t\t<\/div>\n\t\t\t\t\t\t\t<div class=\"e-gallery-item elementor-gallery-item elementor-animated-content\">\n\t\t\t\t\t<div class=\"e-gallery-image elementor-gallery-item__image\" data-thumbnail=\"https:\/\/www.nm-estetyka.pl\/wp-content\/uploads\/2024\/07\/certyfikat-22.jpeg\" data-width=\"878\" data-height=\"1283\" alt=\"mikropigmentacja sk\u00f3ry g\u0142owy Warszawa\" ><\/div>\n\t\t\t\t\t\t\t\t\t\t\t\t\t\t<\/div>\n\t\t\t\t\t\t\t<div class=\"e-gallery-item elementor-gallery-item elementor-animated-content\">\n\t\t\t\t\t<div class=\"e-gallery-image elementor-gallery-item__image\" data-thumbnail=\"https:\/\/www.nm-estetyka.pl\/wp-content\/uploads\/2024\/07\/certyfikat-12.jpeg\" data-width=\"972\" data-height=\"1380\" alt=\"mikropigmentacja medyczna Warszawa\" ><\/div>\n\t\t\t\t\t\t\t\t\t\t\t\t\t\t<\/div>\n\t\t\t\t\t\t\t<div class=\"e-gallery-item elementor-gallery-item elementor-animated-content\">\n\t\t\t\t\t<div class=\"e-gallery-image elementor-gallery-item__image\" data-thumbnail=\"https:\/\/www.nm-estetyka.pl\/wp-content\/uploads\/2024\/07\/certyfikat-3.jpeg\" data-width=\"1236\" data-height=\"882\" alt=\"mikropigmentacja sk\u00f3ry g\u0142owy Warszawa\" ><\/div>\n\t\t\t\t\t\t\t\t\t\t\t\t\t\t<\/div>\n\t\t\t\t\t\t\t<div class=\"e-gallery-item elementor-gallery-item elementor-animated-content\">\n\t\t\t\t\t<div class=\"e-gallery-image elementor-gallery-item__image\" data-thumbnail=\"https:\/\/www.nm-estetyka.pl\/wp-content\/uploads\/2024\/07\/certyfikat-8.jpeg\" data-width=\"1323\" data-height=\"938\" alt=\"makija\u017c permanentny Warszawa\" ><\/div>\n\t\t\t\t\t\t\t\t\t\t\t\t\t\t<\/div>\n\t\t\t\t\t\t\t<div class=\"e-gallery-item elementor-gallery-item elementor-animated-content\">\n\t\t\t\t\t<div class=\"e-gallery-image elementor-gallery-item__image\" data-thumbnail=\"https:\/\/www.nm-estetyka.pl\/wp-content\/uploads\/2024\/07\/certyfikat-9.jpeg\" data-width=\"1305\" data-height=\"932\" alt=\"makija\u017c permanentny Warszawa\" ><\/div>\n\t\t\t\t\t\t\t\t\t\t\t\t\t\t<\/div>\n\t\t\t\t\t\t\t<div class=\"e-gallery-item elementor-gallery-item elementor-animated-content\">\n\t\t\t\t\t<div class=\"e-gallery-image elementor-gallery-item__image\" data-thumbnail=\"https:\/\/www.nm-estetyka.pl\/wp-content\/uploads\/2024\/07\/certyfikat-10.jpeg\" data-width=\"1316\" data-height=\"933\" alt=\"makija\u017c permanentny Warszawa\" ><\/div>\n\t\t\t\t\t\t\t\t\t\t\t\t\t\t<\/div>\n\t\t\t\t\t\t\t<div class=\"e-gallery-item elementor-gallery-item elementor-animated-content\">\n\t\t\t\t\t<div class=\"e-gallery-image elementor-gallery-item__image\" data-thumbnail=\"https:\/\/www.nm-estetyka.pl\/wp-content\/uploads\/2024\/07\/certyfikat-2.jpeg\" data-width=\"1074\" data-height=\"1430\" alt=\"makija\u017c permanentny Warszawa\" ><\/div>\n\t\t\t\t\t\t\t\t\t\t\t\t\t\t<\/div>\n\t\t\t\t\t\t\t<div class=\"e-gallery-item elementor-gallery-item elementor-animated-content\">\n\t\t\t\t\t<div class=\"e-gallery-image elementor-gallery-item__image\" data-thumbnail=\"https:\/\/www.nm-estetyka.pl\/wp-content\/uploads\/2024\/07\/certyfikat-7.jpeg\" data-width=\"1328\" data-height=\"940\" alt=\"laserowe usuwanie pigmentacji Warszawa\" ><\/div>\n\t\t\t\t\t\t\t\t\t\t\t\t\t\t<\/div>\n\t\t\t\t\t\t\t<div class=\"e-gallery-item elementor-gallery-item elementor-animated-content\">\n\t\t\t\t\t<div class=\"e-gallery-image elementor-gallery-item__image\" data-thumbnail=\"https:\/\/www.nm-estetyka.pl\/wp-content\/uploads\/2024\/07\/certyfikat-5.jpeg\" data-width=\"841\" data-height=\"1199\" alt=\"usuwanie makija\u017cu permanentnego Warszawa\" ><\/div>\n\t\t\t\t\t\t\t\t\t\t\t\t\t\t<\/div>\n\t\t\t\t\t\t\t<div class=\"e-gallery-item elementor-gallery-item elementor-animated-content\">\n\t\t\t\t\t<div class=\"e-gallery-image elementor-gallery-item__image\" data-thumbnail=\"https:\/\/www.nm-estetyka.pl\/wp-content\/uploads\/2024\/07\/certyfikat-15.jpeg\" data-width=\"1323\" data-height=\"948\" alt=\"makija\u017c permanentny Warszawa\" ><\/div>\n\t\t\t\t\t\t\t\t\t\t\t\t\t\t<\/div>\n\t\t\t\t\t\t\t<div class=\"e-gallery-item elementor-gallery-item elementor-animated-content\">\n\t\t\t\t\t<div class=\"e-gallery-image elementor-gallery-item__image\" data-thumbnail=\"https:\/\/www.nm-estetyka.pl\/wp-content\/uploads\/2024\/07\/certyfikat-14.jpeg\" data-width=\"1355\" data-height=\"965\" alt=\"makija\u017c permanentny Warszawa\" ><\/div>\n\t\t\t\t\t\t\t\t\t\t\t\t\t\t<\/div>\n\t\t\t\t\t\t\t<div class=\"e-gallery-item elementor-gallery-item elementor-animated-content\">\n\t\t\t\t\t<div class=\"e-gallery-image elementor-gallery-item__image\" data-thumbnail=\"https:\/\/www.nm-estetyka.pl\/wp-content\/uploads\/2024\/07\/certyfikat-13.jpeg\" data-width=\"1364\" data-height=\"983\" alt=\"makija\u017c permanentny Warszawa\" ><\/div>\n\t\t\t\t\t\t\t\t\t\t\t\t\t\t<\/div>\n\t\t\t\t\t\t\t<div class=\"e-gallery-item elementor-gallery-item elementor-animated-content\">\n\t\t\t\t\t<div class=\"e-gallery-image elementor-gallery-item__image\" data-thumbnail=\"https:\/\/www.nm-estetyka.pl\/wp-content\/uploads\/2024\/07\/certyfikat-24.jpeg\" data-width=\"908\" data-height=\"1316\" alt=\"makija\u017c permanentny Warszawa\" ><\/div>\n\t\t\t\t\t\t\t\t\t\t\t\t\t\t<\/div>\n\t\t\t\t\t\t\t<div class=\"e-gallery-item elementor-gallery-item elementor-animated-content\">\n\t\t\t\t\t<div class=\"e-gallery-image elementor-gallery-item__image\" data-thumbnail=\"https:\/\/www.nm-estetyka.pl\/wp-content\/uploads\/2024\/07\/certyfikat-23.jpeg\" data-width=\"1175\" data-height=\"823\" alt=\"makija\u017c permanentny Warszawa\" ><\/div>\n\t\t\t\t\t\t\t\t\t\t\t\t\t\t<\/div>\n\t\t\t\t\t\t\t<div class=\"e-gallery-item elementor-gallery-item elementor-animated-content\">\n\t\t\t\t\t<div class=\"e-gallery-image elementor-gallery-item__image\" data-thumbnail=\"https:\/\/www.nm-estetyka.pl\/wp-content\/uploads\/2024\/07\/certyfikat-4.jpeg\" data-width=\"1348\" data-height=\"963\" alt=\"makija\u017c permanentny Warszawa\" ><\/div>\n\t\t\t\t\t\t\t\t\t\t\t\t\t\t<\/div>\n\t\t\t\t\t\t\t<div class=\"e-gallery-item elementor-gallery-item elementor-animated-content\">\n\t\t\t\t\t<div class=\"e-gallery-image elementor-gallery-item__image\" data-thumbnail=\"https:\/\/www.nm-estetyka.pl\/wp-content\/uploads\/2024\/07\/certyfikat-11.jpeg\" data-width=\"1346\" data-height=\"961\" alt=\"makija\u017c permanentny Warszawa\" ><\/div>\n\t\t\t\t\t\t\t\t\t\t\t\t\t\t<\/div>\n\t\t\t\t\t<\/div>\n\t\t\t\t\t<\/div>\n\t\t\t\t<\/div>\n\t\t\t\t<div class=\"elementor-element elementor-element-4f75a6a elementor-hidden-desktop elementor-hidden-tablet elementor-arrows-position-inside elementor-pagination-position-outside elementor-widget elementor-widget-image-carousel\" data-id=\"4f75a6a\" data-element_type=\"widget\" data-e-type=\"widget\" data-settings=\"{&quot;navigation&quot;:&quot;both&quot;,&quot;autoplay&quot;:&quot;yes&quot;,&quot;pause_on_hover&quot;:&quot;yes&quot;,&quot;pause_on_interaction&quot;:&quot;yes&quot;,&quot;autoplay_speed&quot;:5000,&quot;infinite&quot;:&quot;yes&quot;,&quot;speed&quot;:500}\" data-widget_type=\"image-carousel.default\">\n\t\t\t\t<div class=\"elementor-widget-container\">\n\t\t\t\t\t\t\t<div class=\"elementor-image-carousel-wrapper swiper\" role=\"region\" aria-roledescription=\"carousel\" aria-label=\"Karuzela obrazk\u00f3w\" dir=\"ltr\">\n\t\t\t<div class=\"elementor-image-carousel swiper-wrapper\" aria-live=\"off\">\n\t\t\t\t\t\t\t\t<div class=\"swiper-slide\" role=\"group\" aria-roledescription=\"slide\" aria-label=\"1 z 27\"><figure class=\"swiper-slide-inner\"><img decoding=\"async\" class=\"swiper-slide-image\" src=\"https:\/\/www.nm-estetyka.pl\/wp-content\/uploads\/2023\/03\/20221112_DSC_0319_Edit-1-768x512.jpg\" alt=\"makija\u017c permanentny Warszawa\" \/><\/figure><\/div><div class=\"swiper-slide\" role=\"group\" aria-roledescription=\"slide\" aria-label=\"2 z 27\"><figure class=\"swiper-slide-inner\"><img decoding=\"async\" class=\"swiper-slide-image\" src=\"https:\/\/www.nm-estetyka.pl\/wp-content\/uploads\/2024\/07\/WhatsApp-Image-2024-07-29-at-09.20.07-768x572.jpeg\" alt=\"mikropigmentacja sk\u00f3ry g\u0142owy Warszawa\" \/><\/figure><\/div><div class=\"swiper-slide\" role=\"group\" aria-roledescription=\"slide\" aria-label=\"3 z 27\"><figure class=\"swiper-slide-inner\"><img decoding=\"async\" class=\"swiper-slide-image\" src=\"https:\/\/www.nm-estetyka.pl\/wp-content\/uploads\/2024\/07\/certyfikat-2-768x1023.jpeg\" alt=\"makija\u017c permanentny Warszawa\" \/><\/figure><\/div><div class=\"swiper-slide\" role=\"group\" aria-roledescription=\"slide\" aria-label=\"4 z 27\"><figure class=\"swiper-slide-inner\"><img decoding=\"async\" class=\"swiper-slide-image\" src=\"https:\/\/www.nm-estetyka.pl\/wp-content\/uploads\/2024\/07\/certyfikat-3-768x548.jpeg\" alt=\"mikropigmentacja sk\u00f3ry g\u0142owy Warszawa\" \/><\/figure><\/div><div class=\"swiper-slide\" role=\"group\" aria-roledescription=\"slide\" aria-label=\"5 z 27\"><figure class=\"swiper-slide-inner\"><img decoding=\"async\" class=\"swiper-slide-image\" src=\"https:\/\/www.nm-estetyka.pl\/wp-content\/uploads\/2024\/07\/certyfikat-4-768x549.jpeg\" alt=\"makija\u017c permanentny Warszawa\" \/><\/figure><\/div><div class=\"swiper-slide\" role=\"group\" aria-roledescription=\"slide\" aria-label=\"6 z 27\"><figure class=\"swiper-slide-inner\"><img decoding=\"async\" class=\"swiper-slide-image\" src=\"https:\/\/www.nm-estetyka.pl\/wp-content\/uploads\/2024\/07\/certyfikat-5-768x1095.jpeg\" alt=\"usuwanie makija\u017cu permanentnego Warszawa\" \/><\/figure><\/div><div class=\"swiper-slide\" role=\"group\" aria-roledescription=\"slide\" aria-label=\"7 z 27\"><figure class=\"swiper-slide-inner\"><img decoding=\"async\" class=\"swiper-slide-image\" src=\"https:\/\/www.nm-estetyka.pl\/wp-content\/uploads\/2024\/07\/certyfikat-6-768x553.jpeg\" alt=\"mikropigmentacja zarostu Warszawa\" \/><\/figure><\/div><div class=\"swiper-slide\" role=\"group\" aria-roledescription=\"slide\" aria-label=\"8 z 27\"><figure class=\"swiper-slide-inner\"><img decoding=\"async\" class=\"swiper-slide-image\" src=\"https:\/\/www.nm-estetyka.pl\/wp-content\/uploads\/2024\/07\/certyfikat-7-768x544.jpeg\" alt=\"laserowe usuwanie pigmentacji Warszawa\" \/><\/figure><\/div><div class=\"swiper-slide\" role=\"group\" aria-roledescription=\"slide\" aria-label=\"9 z 27\"><figure class=\"swiper-slide-inner\"><img decoding=\"async\" class=\"swiper-slide-image\" src=\"https:\/\/www.nm-estetyka.pl\/wp-content\/uploads\/2024\/07\/certyfikat-8-768x545.jpeg\" alt=\"makija\u017c permanentny Warszawa\" \/><\/figure><\/div><div class=\"swiper-slide\" role=\"group\" aria-roledescription=\"slide\" aria-label=\"10 z 27\"><figure class=\"swiper-slide-inner\"><img decoding=\"async\" class=\"swiper-slide-image\" src=\"https:\/\/www.nm-estetyka.pl\/wp-content\/uploads\/2024\/07\/certyfikat-9-768x548.jpeg\" alt=\"makija\u017c permanentny Warszawa\" \/><\/figure><\/div><div class=\"swiper-slide\" role=\"group\" aria-roledescription=\"slide\" aria-label=\"11 z 27\"><figure class=\"swiper-slide-inner\"><img decoding=\"async\" class=\"swiper-slide-image\" src=\"https:\/\/www.nm-estetyka.pl\/wp-content\/uploads\/2024\/07\/certyfikat-10-768x544.jpeg\" alt=\"makija\u017c permanentny Warszawa\" \/><\/figure><\/div><div class=\"swiper-slide\" role=\"group\" aria-roledescription=\"slide\" aria-label=\"12 z 27\"><figure class=\"swiper-slide-inner\"><img decoding=\"async\" class=\"swiper-slide-image\" src=\"https:\/\/www.nm-estetyka.pl\/wp-content\/uploads\/2024\/07\/certyfikat-11-768x548.jpeg\" alt=\"makija\u017c permanentny Warszawa\" \/><\/figure><\/div><div class=\"swiper-slide\" role=\"group\" aria-roledescription=\"slide\" aria-label=\"13 z 27\"><figure class=\"swiper-slide-inner\"><img decoding=\"async\" class=\"swiper-slide-image\" src=\"https:\/\/www.nm-estetyka.pl\/wp-content\/uploads\/2024\/07\/certyfikat-12-768x1090.jpeg\" alt=\"mikropigmentacja medyczna Warszawa\" \/><\/figure><\/div><div class=\"swiper-slide\" role=\"group\" aria-roledescription=\"slide\" aria-label=\"14 z 27\"><figure class=\"swiper-slide-inner\"><img decoding=\"async\" class=\"swiper-slide-image\" src=\"https:\/\/www.nm-estetyka.pl\/wp-content\/uploads\/2024\/07\/certyfikat-13-768x553.jpeg\" alt=\"makija\u017c permanentny Warszawa\" \/><\/figure><\/div><div class=\"swiper-slide\" role=\"group\" aria-roledescription=\"slide\" aria-label=\"15 z 27\"><figure class=\"swiper-slide-inner\"><img decoding=\"async\" class=\"swiper-slide-image\" src=\"https:\/\/www.nm-estetyka.pl\/wp-content\/uploads\/2024\/07\/certyfikat-14-768x547.jpeg\" alt=\"makija\u017c permanentny Warszawa\" \/><\/figure><\/div><div class=\"swiper-slide\" role=\"group\" aria-roledescription=\"slide\" aria-label=\"16 z 27\"><figure class=\"swiper-slide-inner\"><img decoding=\"async\" class=\"swiper-slide-image\" src=\"https:\/\/www.nm-estetyka.pl\/wp-content\/uploads\/2024\/07\/certyfikat-15-768x550.jpeg\" alt=\"makija\u017c permanentny Warszawa\" \/><\/figure><\/div><div class=\"swiper-slide\" role=\"group\" aria-roledescription=\"slide\" aria-label=\"17 z 27\"><figure class=\"swiper-slide-inner\"><img decoding=\"async\" class=\"swiper-slide-image\" src=\"https:\/\/www.nm-estetyka.pl\/wp-content\/uploads\/2024\/07\/certyfikat-16-768x552.jpeg\" alt=\"mikropigmentacja sk\u00f3ry g\u0142owy Warszawa\" \/><\/figure><\/div><div class=\"swiper-slide\" role=\"group\" aria-roledescription=\"slide\" aria-label=\"18 z 27\"><figure class=\"swiper-slide-inner\"><img decoding=\"async\" class=\"swiper-slide-image\" src=\"https:\/\/www.nm-estetyka.pl\/wp-content\/uploads\/2024\/07\/certyfikat-17-768x1113.jpeg\" alt=\"mikropigmentacja sk\u00f3ry g\u0142owy Warszawa\" \/><\/figure><\/div><div class=\"swiper-slide\" role=\"group\" aria-roledescription=\"slide\" aria-label=\"19 z 27\"><figure class=\"swiper-slide-inner\"><img decoding=\"async\" class=\"swiper-slide-image\" src=\"https:\/\/www.nm-estetyka.pl\/wp-content\/uploads\/2024\/07\/certyfikat-18-768x1115.jpeg\" alt=\"mikropigmentacja sk\u00f3ry g\u0142owy Warszawa\" \/><\/figure><\/div><div class=\"swiper-slide\" role=\"group\" aria-roledescription=\"slide\" aria-label=\"20 z 27\"><figure class=\"swiper-slide-inner\"><img decoding=\"async\" class=\"swiper-slide-image\" src=\"https:\/\/www.nm-estetyka.pl\/wp-content\/uploads\/2024\/07\/certyfikat-19-768x1100.jpeg\" alt=\"mikropigmentacja sk\u00f3ry g\u0142owy Warszawa\" \/><\/figure><\/div><div class=\"swiper-slide\" role=\"group\" aria-roledescription=\"slide\" aria-label=\"21 z 27\"><figure class=\"swiper-slide-inner\"><img decoding=\"async\" class=\"swiper-slide-image\" src=\"https:\/\/www.nm-estetyka.pl\/wp-content\/uploads\/2024\/07\/certyfikat-20-768x1096.jpeg\" alt=\"mikropigmentacja sk\u00f3ry g\u0142owy Warszawa\" \/><\/figure><\/div><div class=\"swiper-slide\" role=\"group\" aria-roledescription=\"slide\" aria-label=\"22 z 27\"><figure class=\"swiper-slide-inner\"><img decoding=\"async\" class=\"swiper-slide-image\" src=\"https:\/\/www.nm-estetyka.pl\/wp-content\/uploads\/2024\/07\/certyfikat-21-768x1099.jpeg\" alt=\"mikropigmentacja sk\u00f3ry g\u0142owy Warszawa\" \/><\/figure><\/div><div class=\"swiper-slide\" role=\"group\" aria-roledescription=\"slide\" aria-label=\"23 z 27\"><figure class=\"swiper-slide-inner\"><img decoding=\"async\" class=\"swiper-slide-image\" src=\"https:\/\/www.nm-estetyka.pl\/wp-content\/uploads\/2024\/07\/certyfikat-22-768x1122.jpeg\" alt=\"mikropigmentacja sk\u00f3ry g\u0142owy Warszawa\" \/><\/figure><\/div><div class=\"swiper-slide\" role=\"group\" aria-roledescription=\"slide\" aria-label=\"24 z 27\"><figure class=\"swiper-slide-inner\"><img decoding=\"async\" class=\"swiper-slide-image\" src=\"https:\/\/www.nm-estetyka.pl\/wp-content\/uploads\/2024\/07\/certyfikat-23-768x538.jpeg\" alt=\"makija\u017c permanentny Warszawa\" \/><\/figure><\/div><div class=\"swiper-slide\" role=\"group\" aria-roledescription=\"slide\" aria-label=\"25 z 27\"><figure class=\"swiper-slide-inner\"><img decoding=\"async\" class=\"swiper-slide-image\" src=\"https:\/\/www.nm-estetyka.pl\/wp-content\/uploads\/2024\/07\/certyfikat-24-768x1113.jpeg\" alt=\"makija\u017c permanentny Warszawa\" \/><\/figure><\/div><div class=\"swiper-slide\" role=\"group\" aria-roledescription=\"slide\" aria-label=\"26 z 27\"><figure class=\"swiper-slide-inner\"><img decoding=\"async\" class=\"swiper-slide-image\" src=\"https:\/\/www.nm-estetyka.pl\/wp-content\/uploads\/2024\/07\/certyfikat-25-768x540.jpeg\" alt=\"mikropigmentacja sk\u00f3ry g\u0142owy Warszawa\" \/><\/figure><\/div><div class=\"swiper-slide\" role=\"group\" aria-roledescription=\"slide\" aria-label=\"27 z 27\"><figure class=\"swiper-slide-inner\"><img decoding=\"async\" class=\"swiper-slide-image\" src=\"https:\/\/www.nm-estetyka.pl\/wp-content\/uploads\/2024\/07\/certyfikat-26-768x568.jpeg\" alt=\"mikropigmentacja sk\u00f3ry g\u0142owy Warszawa\" \/><\/figure><\/div>\t\t\t<\/div>\n\t\t\t\t\t\t\t\t\t\t\t\t<div class=\"elementor-swiper-button elementor-swiper-button-prev\" role=\"button\" tabindex=\"0\">\n\t\t\t\t\t\t<i aria-hidden=\"true\" class=\"eicon-chevron-left\"><\/i>\t\t\t\t\t<\/div>\n\t\t\t\t\t<div class=\"elementor-swiper-button elementor-swiper-button-next\" role=\"button\" tabindex=\"0\">\n\t\t\t\t\t\t<i aria-hidden=\"true\" class=\"eicon-chevron-right\"><\/i>\t\t\t\t\t<\/div>\n\t\t\t\t\n\t\t\t\t\t\t\t\t\t<div class=\"swiper-pagination\"><\/div>\n\t\t\t\t\t\t\t\t\t<\/div>\n\t\t\t\t\t\t<\/div>\n\t\t\t\t<\/div>\n\t\t\t\t<div class=\"elementor-element elementor-element-0115b91 elementor-arrows-position-inside elementor-widget elementor-widget-image-carousel\" data-id=\"0115b91\" data-element_type=\"widget\" data-e-type=\"widget\" data-settings=\"{&quot;navigation&quot;:&quot;arrows&quot;,&quot;autoplay&quot;:&quot;yes&quot;,&quot;pause_on_interaction&quot;:&quot;yes&quot;,&quot;autoplay_speed&quot;:5000,&quot;infinite&quot;:&quot;yes&quot;,&quot;speed&quot;:500}\" data-widget_type=\"image-carousel.default\">\n\t\t\t\t<div class=\"elementor-widget-container\">\n\t\t\t\t\t\t\t<div class=\"elementor-image-carousel-wrapper swiper\" role=\"region\" aria-roledescription=\"carousel\" aria-label=\"Karuzela obrazk\u00f3w\" dir=\"ltr\">\n\t\t\t<div class=\"elementor-image-carousel swiper-wrapper\" aria-live=\"off\">\n\t\t\t\t\t\t\t\t<div class=\"swiper-slide\" role=\"group\" aria-roledescription=\"slide\" aria-label=\"1 z 56\"><figure class=\"swiper-slide-inner\"><img decoding=\"async\" class=\"swiper-slide-image\" src=\"https:\/\/www.nm-estetyka.pl\/wp-content\/uploads\/2024\/09\/WhatsApp-Image-2024-09-25-at-22.02.33-6.jpeg\" alt=\"makija\u017c permanentny Warszawa\" \/><\/figure><\/div><div class=\"swiper-slide\" role=\"group\" aria-roledescription=\"slide\" aria-label=\"2 z 56\"><figure class=\"swiper-slide-inner\"><img decoding=\"async\" class=\"swiper-slide-image\" src=\"https:\/\/www.nm-estetyka.pl\/wp-content\/uploads\/2024\/09\/WhatsApp-Image-2024-09-25-at-22.57.32.jpeg\" alt=\"opinie smp Warszawa\" \/><\/figure><\/div><div class=\"swiper-slide\" role=\"group\" aria-roledescription=\"slide\" aria-label=\"3 z 56\"><figure class=\"swiper-slide-inner\"><img decoding=\"async\" class=\"swiper-slide-image\" src=\"https:\/\/www.nm-estetyka.pl\/wp-content\/uploads\/2024\/09\/WhatsApp-Image-2024-09-25-at-22.57.41.jpeg\" alt=\"opinie smp Warszawa\" \/><\/figure><\/div><div class=\"swiper-slide\" role=\"group\" aria-roledescription=\"slide\" aria-label=\"4 z 56\"><figure class=\"swiper-slide-inner\"><img decoding=\"async\" class=\"swiper-slide-image\" src=\"https:\/\/www.nm-estetyka.pl\/wp-content\/uploads\/2024\/09\/WhatsApp-Image-2024-09-25-at-22.02.33-9.jpeg\" alt=\"mikropigmentacja sk\u00f3ry g\u0142owy Warszawa\" \/><\/figure><\/div><div class=\"swiper-slide\" role=\"group\" aria-roledescription=\"slide\" aria-label=\"5 z 56\"><figure class=\"swiper-slide-inner\"><img decoding=\"async\" class=\"swiper-slide-image\" src=\"https:\/\/www.nm-estetyka.pl\/wp-content\/uploads\/2024\/09\/WhatsApp-Image-2024-09-25-at-22.58.04.jpeg\" alt=\"opinie makija\u017c permanentny Warszawa\" \/><\/figure><\/div><div class=\"swiper-slide\" role=\"group\" aria-roledescription=\"slide\" aria-label=\"6 z 56\"><figure class=\"swiper-slide-inner\"><img decoding=\"async\" class=\"swiper-slide-image\" src=\"https:\/\/www.nm-estetyka.pl\/wp-content\/uploads\/2024\/09\/WhatsApp-Image-2024-09-25-at-22.02.34-1.jpeg\" alt=\"makija\u017c permanentny Warszawa\" \/><\/figure><\/div><div class=\"swiper-slide\" role=\"group\" aria-roledescription=\"slide\" aria-label=\"7 z 56\"><figure class=\"swiper-slide-inner\"><img decoding=\"async\" class=\"swiper-slide-image\" src=\"https:\/\/www.nm-estetyka.pl\/wp-content\/uploads\/2024\/09\/WhatsApp-Image-2024-09-25-at-22.02.34-2.jpeg\" alt=\"makij\u017c permanentny brwi Warszawa\" \/><\/figure><\/div><div class=\"swiper-slide\" role=\"group\" aria-roledescription=\"slide\" aria-label=\"8 z 56\"><figure class=\"swiper-slide-inner\"><img decoding=\"async\" class=\"swiper-slide-image\" src=\"https:\/\/www.nm-estetyka.pl\/wp-content\/uploads\/2024\/09\/WhatsApp-Image-2024-09-25-at-22.58.33.jpeg\" alt=\"opinie makija\u017c permanentny Warszawa\" \/><\/figure><\/div><div class=\"swiper-slide\" role=\"group\" aria-roledescription=\"slide\" aria-label=\"9 z 56\"><figure class=\"swiper-slide-inner\"><img decoding=\"async\" class=\"swiper-slide-image\" src=\"https:\/\/www.nm-estetyka.pl\/wp-content\/uploads\/2024\/09\/WhatsApp-Image-2024-09-25-at-22.02.34-4.jpeg\" alt=\"lifting laminacja rz\u0119s Warszawa\" \/><\/figure><\/div><div class=\"swiper-slide\" role=\"group\" aria-roledescription=\"slide\" aria-label=\"10 z 56\"><figure class=\"swiper-slide-inner\"><img decoding=\"async\" class=\"swiper-slide-image\" src=\"https:\/\/www.nm-estetyka.pl\/wp-content\/uploads\/2024\/09\/WhatsApp-Image-2024-09-25-at-22.02.34-5.jpeg\" alt=\"makija\u017c permanentny Warszawa\" \/><\/figure><\/div><div class=\"swiper-slide\" role=\"group\" aria-roledescription=\"slide\" aria-label=\"11 z 56\"><figure class=\"swiper-slide-inner\"><img decoding=\"async\" class=\"swiper-slide-image\" src=\"https:\/\/www.nm-estetyka.pl\/wp-content\/uploads\/2024\/09\/WhatsApp-Image-2024-09-25-at-22.02.34-6.jpeg\" alt=\"dopigmentowanie Warszawa\" \/><\/figure><\/div><div class=\"swiper-slide\" role=\"group\" aria-roledescription=\"slide\" aria-label=\"12 z 56\"><figure class=\"swiper-slide-inner\"><img decoding=\"async\" class=\"swiper-slide-image\" src=\"https:\/\/www.nm-estetyka.pl\/wp-content\/uploads\/2024\/09\/WhatsApp-Image-2024-09-25-at-22.02.34-7.jpeg\" alt=\"makija\u017c permanentny Warszawa\" \/><\/figure><\/div><div class=\"swiper-slide\" role=\"group\" aria-roledescription=\"slide\" aria-label=\"13 z 56\"><figure class=\"swiper-slide-inner\"><img decoding=\"async\" class=\"swiper-slide-image\" src=\"https:\/\/www.nm-estetyka.pl\/wp-content\/uploads\/2024\/09\/WhatsApp-Image-2024-09-25-at-22.02.34-9.jpeg\" alt=\"dopigmentowanie Warszawa\" \/><\/figure><\/div><div class=\"swiper-slide\" role=\"group\" aria-roledescription=\"slide\" aria-label=\"14 z 56\"><figure class=\"swiper-slide-inner\"><img decoding=\"async\" class=\"swiper-slide-image\" src=\"https:\/\/www.nm-estetyka.pl\/wp-content\/uploads\/2024\/09\/WhatsApp-Image-2024-09-25-at-22.02.34-11.jpeg\" alt=\"makija\u017c permanentny Warszawa\" \/><\/figure><\/div><div class=\"swiper-slide\" role=\"group\" aria-roledescription=\"slide\" aria-label=\"15 z 56\"><figure class=\"swiper-slide-inner\"><img decoding=\"async\" class=\"swiper-slide-image\" src=\"https:\/\/www.nm-estetyka.pl\/wp-content\/uploads\/2024\/09\/WhatsApp-Image-2024-09-25-at-22.02.34-12.jpeg\" alt=\"lifting laminacja rz\u0119s Warszawa\" \/><\/figure><\/div><div class=\"swiper-slide\" role=\"group\" aria-roledescription=\"slide\" aria-label=\"16 z 56\"><figure class=\"swiper-slide-inner\"><img decoding=\"async\" class=\"swiper-slide-image\" src=\"https:\/\/www.nm-estetyka.pl\/wp-content\/uploads\/2024\/09\/WhatsApp-Image-2024-09-25-at-22.02.33-4.jpeg\" alt=\"laserowe usuwanie makija\u017cu permanentnego Warszawa\" \/><\/figure><\/div><div class=\"swiper-slide\" role=\"group\" aria-roledescription=\"slide\" aria-label=\"17 z 56\"><figure class=\"swiper-slide-inner\"><img decoding=\"async\" class=\"swiper-slide-image\" src=\"https:\/\/www.nm-estetyka.pl\/wp-content\/uploads\/2024\/09\/WhatsApp-Image-2024-09-25-at-22.02.33-2.jpeg\" alt=\"makija\u017c permanentny Warszawa\" \/><\/figure><\/div><div class=\"swiper-slide\" role=\"group\" aria-roledescription=\"slide\" aria-label=\"18 z 56\"><figure class=\"swiper-slide-inner\"><img decoding=\"async\" class=\"swiper-slide-image\" src=\"https:\/\/www.nm-estetyka.pl\/wp-content\/uploads\/2024\/09\/WhatsApp-Image-2024-09-25-at-22.02.33-1.jpeg\" alt=\"laserowe usuwanie makija\u017cu permanentnego Warszawa\" \/><\/figure><\/div><div class=\"swiper-slide\" role=\"group\" aria-roledescription=\"slide\" aria-label=\"19 z 56\"><figure class=\"swiper-slide-inner\"><img decoding=\"async\" class=\"swiper-slide-image\" src=\"https:\/\/www.nm-estetyka.pl\/wp-content\/uploads\/2024\/09\/WhatsApp-Image-2024-09-25-at-22.02.33.jpeg\" alt=\"dopigmentowanie Warszawa\" \/><\/figure><\/div><div class=\"swiper-slide\" role=\"group\" aria-roledescription=\"slide\" aria-label=\"20 z 56\"><figure class=\"swiper-slide-inner\"><img decoding=\"async\" class=\"swiper-slide-image\" src=\"https:\/\/www.nm-estetyka.pl\/wp-content\/uploads\/2024\/09\/WhatsApp-Image-2024-09-25-at-22.02.34-16.jpeg\" alt=\"mikropigmentacja sk\u00f3ry g\u0142owy Warszawa\" \/><\/figure><\/div><div class=\"swiper-slide\" role=\"group\" aria-roledescription=\"slide\" aria-label=\"21 z 56\"><figure class=\"swiper-slide-inner\"><img decoding=\"async\" class=\"swiper-slide-image\" src=\"https:\/\/www.nm-estetyka.pl\/wp-content\/uploads\/2024\/09\/WhatsApp-Image-2024-09-25-at-22.35.29.jpeg\" alt=\"opinie SMP Warszawa\" \/><\/figure><\/div><div class=\"swiper-slide\" role=\"group\" aria-roledescription=\"slide\" aria-label=\"22 z 56\"><figure class=\"swiper-slide-inner\"><img decoding=\"async\" class=\"swiper-slide-image\" src=\"https:\/\/www.nm-estetyka.pl\/wp-content\/uploads\/2024\/09\/WhatsApp-Image-2024-09-25-at-22.02.34-18.jpeg\" alt=\"makija\u017c permanentny Warszawa\" \/><\/figure><\/div><div class=\"swiper-slide\" role=\"group\" aria-roledescription=\"slide\" aria-label=\"23 z 56\"><figure class=\"swiper-slide-inner\"><img decoding=\"async\" class=\"swiper-slide-image\" src=\"https:\/\/www.nm-estetyka.pl\/wp-content\/uploads\/2024\/09\/WhatsApp-Image-2024-09-25-at-22.02.34-19.jpeg\" alt=\"mikropigmentacja sk\u00f3ry g\u0142owy Warszawa\" \/><\/figure><\/div><div class=\"swiper-slide\" role=\"group\" aria-roledescription=\"slide\" aria-label=\"24 z 56\"><figure class=\"swiper-slide-inner\"><img decoding=\"async\" class=\"swiper-slide-image\" src=\"https:\/\/www.nm-estetyka.pl\/wp-content\/uploads\/2024\/09\/WhatsApp-Image-2024-09-25-at-22.02.34-20.jpeg\" alt=\"opinie makija\u017c permanentny Warszawa\" \/><\/figure><\/div><div class=\"swiper-slide\" role=\"group\" aria-roledescription=\"slide\" aria-label=\"25 z 56\"><figure class=\"swiper-slide-inner\"><img decoding=\"async\" class=\"swiper-slide-image\" src=\"https:\/\/www.nm-estetyka.pl\/wp-content\/uploads\/2024\/09\/WhatsApp-Image-2024-09-25-at-22.02.34-21.jpeg\" alt=\"mikropigmentacja sk\u00f3ry g\u0142owy Warszawa opinia\" \/><\/figure><\/div><div class=\"swiper-slide\" role=\"group\" aria-roledescription=\"slide\" aria-label=\"26 z 56\"><figure class=\"swiper-slide-inner\"><img decoding=\"async\" class=\"swiper-slide-image\" src=\"https:\/\/www.nm-estetyka.pl\/wp-content\/uploads\/2024\/09\/WhatsApp-Image-2024-09-25-at-22.02.34-22.jpeg\" alt=\"mikropigmentacja sk\u00f3ry g\u0142owy Warszawa opinia\" \/><\/figure><\/div><div class=\"swiper-slide\" role=\"group\" aria-roledescription=\"slide\" aria-label=\"27 z 56\"><figure class=\"swiper-slide-inner\"><img decoding=\"async\" class=\"swiper-slide-image\" src=\"https:\/\/www.nm-estetyka.pl\/wp-content\/uploads\/2024\/09\/WhatsApp-Image-2024-09-25-at-22.02.34-23.jpeg\" alt=\"opinia makija\u017c permanentny Warszawa\" \/><\/figure><\/div><div class=\"swiper-slide\" role=\"group\" aria-roledescription=\"slide\" aria-label=\"28 z 56\"><figure class=\"swiper-slide-inner\"><img decoding=\"async\" class=\"swiper-slide-image\" src=\"https:\/\/www.nm-estetyka.pl\/wp-content\/uploads\/2024\/09\/WhatsApp-Image-2024-09-25-at-22.02.34-24.jpeg\" alt=\"mikropigmentacja sk\u00f3ry g\u0142owy Warszawa opinia\" \/><\/figure><\/div><div class=\"swiper-slide\" role=\"group\" aria-roledescription=\"slide\" aria-label=\"29 z 56\"><figure class=\"swiper-slide-inner\"><img decoding=\"async\" class=\"swiper-slide-image\" src=\"https:\/\/www.nm-estetyka.pl\/wp-content\/uploads\/2024\/09\/WhatsApp-Image-2024-09-25-at-22.02.34-25.jpeg\" alt=\"opinia mikropigmentacja sk\u00f3ry g\u0142owy Warszawa\" \/><\/figure><\/div><div class=\"swiper-slide\" role=\"group\" aria-roledescription=\"slide\" aria-label=\"30 z 56\"><figure class=\"swiper-slide-inner\"><img decoding=\"async\" class=\"swiper-slide-image\" src=\"https:\/\/www.nm-estetyka.pl\/wp-content\/uploads\/2024\/09\/WhatsApp-Image-2024-09-25-at-22.02.34-26.jpeg\" alt=\"opinia mikropigmentacja sk\u00f3ry g\u0142owy Warszawa\" \/><\/figure><\/div><div class=\"swiper-slide\" role=\"group\" aria-roledescription=\"slide\" aria-label=\"31 z 56\"><figure class=\"swiper-slide-inner\"><img decoding=\"async\" class=\"swiper-slide-image\" src=\"https:\/\/www.nm-estetyka.pl\/wp-content\/uploads\/2024\/09\/WhatsApp-Image-2024-09-25-at-22.02.34-27.jpeg\" alt=\"opinia Warszawa\" \/><\/figure><\/div><div class=\"swiper-slide\" role=\"group\" aria-roledescription=\"slide\" aria-label=\"32 z 56\"><figure class=\"swiper-slide-inner\"><img decoding=\"async\" class=\"swiper-slide-image\" src=\"https:\/\/www.nm-estetyka.pl\/wp-content\/uploads\/2024\/09\/WhatsApp-Image-2024-09-25-at-22.02.34-28.jpeg\" alt=\"opinia mikropigmentacja sk\u00f3ry g\u0142owy Warszawa\" \/><\/figure><\/div><div class=\"swiper-slide\" role=\"group\" aria-roledescription=\"slide\" aria-label=\"33 z 56\"><figure class=\"swiper-slide-inner\"><img decoding=\"async\" class=\"swiper-slide-image\" src=\"https:\/\/www.nm-estetyka.pl\/wp-content\/uploads\/2024\/09\/WhatsApp-Image-2024-09-25-at-22.02.34-29.jpeg\" alt=\"opinia Warszawa\" \/><\/figure><\/div><div class=\"swiper-slide\" role=\"group\" aria-roledescription=\"slide\" aria-label=\"34 z 56\"><figure class=\"swiper-slide-inner\"><img decoding=\"async\" class=\"swiper-slide-image\" src=\"https:\/\/www.nm-estetyka.pl\/wp-content\/uploads\/2024\/09\/WhatsApp-Image-2024-09-25-at-22.02.34-30.jpeg\" alt=\"opinia makija\u017c permanentny Warszawa\" \/><\/figure><\/div><div class=\"swiper-slide\" role=\"group\" aria-roledescription=\"slide\" aria-label=\"35 z 56\"><figure class=\"swiper-slide-inner\"><img decoding=\"async\" class=\"swiper-slide-image\" src=\"https:\/\/www.nm-estetyka.pl\/wp-content\/uploads\/2024\/09\/WhatsApp-Image-2024-09-25-at-22.02.34-31.jpeg\" alt=\"opinia makija\u017c permanentny Warszawa\" \/><\/figure><\/div><div class=\"swiper-slide\" role=\"group\" aria-roledescription=\"slide\" aria-label=\"36 z 56\"><figure class=\"swiper-slide-inner\"><img decoding=\"async\" class=\"swiper-slide-image\" src=\"https:\/\/www.nm-estetyka.pl\/wp-content\/uploads\/2024\/09\/WhatsApp-Image-2024-09-25-at-22.02.34-32.jpeg\" alt=\"opinia Warszawa\" \/><\/figure><\/div><div class=\"swiper-slide\" role=\"group\" aria-roledescription=\"slide\" aria-label=\"37 z 56\"><figure class=\"swiper-slide-inner\"><img decoding=\"async\" class=\"swiper-slide-image\" src=\"https:\/\/www.nm-estetyka.pl\/wp-content\/uploads\/2024\/09\/WhatsApp-Image-2024-09-25-at-22.02.34-33.jpeg\" alt=\"opinia Warszawa\" \/><\/figure><\/div><div class=\"swiper-slide\" role=\"group\" aria-roledescription=\"slide\" aria-label=\"38 z 56\"><figure class=\"swiper-slide-inner\"><img decoding=\"async\" class=\"swiper-slide-image\" src=\"https:\/\/www.nm-estetyka.pl\/wp-content\/uploads\/2024\/09\/WhatsApp-Image-2024-09-25-at-22.02.34-34.jpeg\" alt=\"opinia Warszawa\" \/><\/figure><\/div><div class=\"swiper-slide\" role=\"group\" aria-roledescription=\"slide\" aria-label=\"39 z 56\"><figure class=\"swiper-slide-inner\"><img decoding=\"async\" class=\"swiper-slide-image\" src=\"https:\/\/www.nm-estetyka.pl\/wp-content\/uploads\/2024\/09\/WhatsApp-Image-2024-09-25-at-22.02.34-35.jpeg\" alt=\"opinia Warszawa\" \/><\/figure><\/div><div class=\"swiper-slide\" role=\"group\" aria-roledescription=\"slide\" aria-label=\"40 z 56\"><figure class=\"swiper-slide-inner\"><img decoding=\"async\" class=\"swiper-slide-image\" src=\"https:\/\/www.nm-estetyka.pl\/wp-content\/uploads\/2024\/09\/WhatsApp-Image-2024-09-25-at-22.02.34-36.jpeg\" alt=\"opinie Warszawa\" \/><\/figure><\/div><div class=\"swiper-slide\" role=\"group\" aria-roledescription=\"slide\" aria-label=\"41 z 56\"><figure class=\"swiper-slide-inner\"><img decoding=\"async\" class=\"swiper-slide-image\" src=\"https:\/\/www.nm-estetyka.pl\/wp-content\/uploads\/2024\/09\/WhatsApp-Image-2024-09-25-at-22.02.34-37.jpeg\" alt=\"opinia Warszawa\" \/><\/figure><\/div><div class=\"swiper-slide\" role=\"group\" aria-roledescription=\"slide\" aria-label=\"42 z 56\"><figure class=\"swiper-slide-inner\"><img decoding=\"async\" class=\"swiper-slide-image\" src=\"https:\/\/www.nm-estetyka.pl\/wp-content\/uploads\/2025\/03\/IMG_7267.jpeg\" alt=\"IMG_7267\" \/><\/figure><\/div><div class=\"swiper-slide\" role=\"group\" aria-roledescription=\"slide\" aria-label=\"43 z 56\"><figure class=\"swiper-slide-inner\"><img decoding=\"async\" class=\"swiper-slide-image\" src=\"https:\/\/www.nm-estetyka.pl\/wp-content\/uploads\/2025\/03\/IMG_7278.jpeg\" alt=\"IMG_7278\" \/><\/figure><\/div><div class=\"swiper-slide\" role=\"group\" aria-roledescription=\"slide\" aria-label=\"44 z 56\"><figure class=\"swiper-slide-inner\"><img decoding=\"async\" class=\"swiper-slide-image\" src=\"https:\/\/www.nm-estetyka.pl\/wp-content\/uploads\/2025\/03\/IMG_7277.jpeg\" alt=\"IMG_7277\" \/><\/figure><\/div><div class=\"swiper-slide\" role=\"group\" aria-roledescription=\"slide\" aria-label=\"45 z 56\"><figure class=\"swiper-slide-inner\"><img decoding=\"async\" class=\"swiper-slide-image\" src=\"https:\/\/www.nm-estetyka.pl\/wp-content\/uploads\/2025\/03\/IMG_7266.jpeg\" alt=\"IMG_7266\" \/><\/figure><\/div><div class=\"swiper-slide\" role=\"group\" aria-roledescription=\"slide\" aria-label=\"46 z 56\"><figure class=\"swiper-slide-inner\"><img decoding=\"async\" class=\"swiper-slide-image\" src=\"https:\/\/www.nm-estetyka.pl\/wp-content\/uploads\/2025\/03\/IMG_7268.jpeg\" alt=\"IMG_7268\" \/><\/figure><\/div><div class=\"swiper-slide\" role=\"group\" aria-roledescription=\"slide\" aria-label=\"47 z 56\"><figure class=\"swiper-slide-inner\"><img decoding=\"async\" class=\"swiper-slide-image\" src=\"https:\/\/www.nm-estetyka.pl\/wp-content\/uploads\/2025\/03\/IMG_7269.jpeg\" alt=\"IMG_7269\" \/><\/figure><\/div><div class=\"swiper-slide\" role=\"group\" aria-roledescription=\"slide\" aria-label=\"48 z 56\"><figure class=\"swiper-slide-inner\"><img decoding=\"async\" class=\"swiper-slide-image\" src=\"https:\/\/www.nm-estetyka.pl\/wp-content\/uploads\/2025\/03\/IMG_7270.jpeg\" alt=\"IMG_7270\" \/><\/figure><\/div><div class=\"swiper-slide\" role=\"group\" aria-roledescription=\"slide\" aria-label=\"49 z 56\"><figure class=\"swiper-slide-inner\"><img decoding=\"async\" class=\"swiper-slide-image\" src=\"https:\/\/www.nm-estetyka.pl\/wp-content\/uploads\/2025\/03\/IMG_7271.jpeg\" alt=\"IMG_7271\" \/><\/figure><\/div><div class=\"swiper-slide\" role=\"group\" aria-roledescription=\"slide\" aria-label=\"50 z 56\"><figure class=\"swiper-slide-inner\"><img decoding=\"async\" class=\"swiper-slide-image\" src=\"https:\/\/www.nm-estetyka.pl\/wp-content\/uploads\/2025\/03\/IMG_7272.jpeg\" alt=\"IMG_7272\" \/><\/figure><\/div><div class=\"swiper-slide\" role=\"group\" aria-roledescription=\"slide\" aria-label=\"51 z 56\"><figure class=\"swiper-slide-inner\"><img decoding=\"async\" class=\"swiper-slide-image\" src=\"https:\/\/www.nm-estetyka.pl\/wp-content\/uploads\/2025\/03\/IMG_7273.jpeg\" alt=\"IMG_7273\" \/><\/figure><\/div><div class=\"swiper-slide\" role=\"group\" aria-roledescription=\"slide\" aria-label=\"52 z 56\"><figure class=\"swiper-slide-inner\"><img decoding=\"async\" class=\"swiper-slide-image\" src=\"https:\/\/www.nm-estetyka.pl\/wp-content\/uploads\/2025\/03\/IMG_7274.jpeg\" alt=\"IMG_7274\" \/><\/figure><\/div><div class=\"swiper-slide\" role=\"group\" aria-roledescription=\"slide\" aria-label=\"53 z 56\"><figure class=\"swiper-slide-inner\"><img decoding=\"async\" class=\"swiper-slide-image\" src=\"https:\/\/www.nm-estetyka.pl\/wp-content\/uploads\/2025\/03\/IMG_7275.jpeg\" alt=\"IMG_7275\" \/><\/figure><\/div><div class=\"swiper-slide\" role=\"group\" aria-roledescription=\"slide\" aria-label=\"54 z 56\"><figure class=\"swiper-slide-inner\"><img decoding=\"async\" class=\"swiper-slide-image\" src=\"https:\/\/www.nm-estetyka.pl\/wp-content\/uploads\/2025\/03\/IMG_7279.jpeg\" alt=\"IMG_7279\" \/><\/figure><\/div><div class=\"swiper-slide\" role=\"group\" aria-roledescription=\"slide\" aria-label=\"55 z 56\"><figure class=\"swiper-slide-inner\"><img decoding=\"async\" class=\"swiper-slide-image\" src=\"https:\/\/www.nm-estetyka.pl\/wp-content\/uploads\/2025\/03\/IMG_7280.jpeg\" alt=\"IMG_7280\" \/><\/figure><\/div><div class=\"swiper-slide\" role=\"group\" aria-roledescription=\"slide\" aria-label=\"56 z 56\"><figure class=\"swiper-slide-inner\"><img decoding=\"async\" class=\"swiper-slide-image\" src=\"https:\/\/www.nm-estetyka.pl\/wp-content\/uploads\/2025\/03\/Zrzut-ekranu-2025-03-5-o-17.04.35.png\" alt=\"Zrzut ekranu 2025-03-5 o 17.04.35\" \/><\/figure><\/div>\t\t\t<\/div>\n\t\t\t\t\t\t\t\t\t\t\t\t<div class=\"elementor-swiper-button elementor-swiper-button-prev\" role=\"button\" tabindex=\"0\">\n\t\t\t\t\t\t<i aria-hidden=\"true\" class=\"eicon-chevron-left\"><\/i>\t\t\t\t\t<\/div>\n\t\t\t\t\t<div class=\"elementor-swiper-button elementor-swiper-button-next\" role=\"button\" tabindex=\"0\">\n\t\t\t\t\t\t<i aria-hidden=\"true\" class=\"eicon-chevron-right\"><\/i>\t\t\t\t\t<\/div>\n\t\t\t\t\n\t\t\t\t\t\t\t\t\t<\/div>\n\t\t\t\t\t\t<\/div>\n\t\t\t\t<\/div>\n\t\t\t\t<div class=\"elementor-element elementor-element-4713b0b elementor-widget elementor-widget-spacer\" data-id=\"4713b0b\" data-element_type=\"widget\" data-e-type=\"widget\" data-widget_type=\"spacer.default\">\n\t\t\t\t<div class=\"elementor-widget-container\">\n\t\t\t\t\t\t\t<div class=\"elementor-spacer\">\n\t\t\t<div class=\"elementor-spacer-inner\"><\/div>\n\t\t<\/div>\n\t\t\t\t\t\t<\/div>\n\t\t\t\t<\/div>\n\t\t\t\t\t<\/div>\n\t\t<\/div>\n\t\t\t\t\t<\/div>\n\t\t<\/section>\n\t\t\t\t<section class=\"elementor-section elementor-top-section elementor-element elementor-element-15af8df elementor-section-boxed elementor-section-height-default elementor-section-height-default\" data-id=\"15af8df\" data-element_type=\"section\" data-e-type=\"section\">\n\t\t\t\t\t\t<div class=\"elementor-container elementor-column-gap-default\">\n\t\t\t\t\t<div class=\"elementor-column elementor-col-100 elementor-top-column elementor-element elementor-element-8fc2b5b\" data-id=\"8fc2b5b\" data-element_type=\"column\" data-e-type=\"column\">\n\t\t\t<div class=\"elementor-widget-wrap elementor-element-populated\">\n\t\t\t\t\t\t<div class=\"elementor-element elementor-element-c357858 elementor-mobile-align-center elementor-align-center elementor-widget elementor-widget-button\" data-id=\"c357858\" data-element_type=\"widget\" data-e-type=\"widget\" data-widget_type=\"button.default\">\n\t\t\t\t<div class=\"elementor-widget-container\">\n\t\t\t\t\t\t\t\t\t<div class=\"elementor-button-wrapper\">\n\t\t\t\t\t<a class=\"elementor-button elementor-button-link elementor-size-sm\" href=\"https:\/\/www.nm-estetyka.pl\/galeria\/\">\n\t\t\t\t\t\t<span class=\"elementor-button-content-wrapper\">\n\t\t\t\t\t\t\t\t\t<span class=\"elementor-button-text\">Galeria prac<\/span>\n\t\t\t\t\t<\/span>\n\t\t\t\t\t<\/a>\n\t\t\t\t<\/div>\n\t\t\t\t\t\t\t\t<\/div>\n\t\t\t\t<\/div>\n\t\t\t\t\t<\/div>\n\t\t<\/div>\n\t\t\t\t\t<\/div>\n\t\t<\/section>\n\t\t\t\t<section class=\"elementor-section elementor-top-section elementor-element elementor-element-9b3c04b elementor-section-boxed elementor-section-height-default elementor-section-height-default\" data-id=\"9b3c04b\" data-element_type=\"section\" data-e-type=\"section\" data-settings=\"{&quot;background_background&quot;:&quot;classic&quot;}\">\n\t\t\t\t\t\t<div class=\"elementor-container elementor-column-gap-default\">\n\t\t\t\t\t<div class=\"elementor-column elementor-col-100 elementor-top-column elementor-element elementor-element-275a47a\" data-id=\"275a47a\" data-element_type=\"column\" data-e-type=\"column\">\n\t\t\t<div class=\"elementor-widget-wrap elementor-element-populated\">\n\t\t\t\t\t\t<div class=\"elementor-element elementor-element-64c66d3 elementor-widget elementor-widget-spacer\" data-id=\"64c66d3\" data-element_type=\"widget\" data-e-type=\"widget\" data-widget_type=\"spacer.default\">\n\t\t\t\t<div class=\"elementor-widget-container\">\n\t\t\t\t\t\t\t<div class=\"elementor-spacer\">\n\t\t\t<div class=\"elementor-spacer-inner\"><\/div>\n\t\t<\/div>\n\t\t\t\t\t\t<\/div>\n\t\t\t\t<\/div>\n\t\t\t\t<div class=\"elementor-element elementor-element-6f1621e elementor-widget elementor-widget-heading\" data-id=\"6f1621e\" data-element_type=\"widget\" data-e-type=\"widget\" data-widget_type=\"heading.default\">\n\t\t\t\t<div class=\"elementor-widget-container\">\n\t\t\t\t\t<h2 class=\"elementor-heading-title elementor-size-default\">Zabiegi mikropigmentacji<\/h2>\t\t\t\t<\/div>\n\t\t\t\t<\/div>\n\t\t\t\t<section class=\"elementor-section elementor-inner-section elementor-element elementor-element-b99505d elementor-section-boxed elementor-section-height-default elementor-section-height-default\" data-id=\"b99505d\" data-element_type=\"section\" data-e-type=\"section\">\n\t\t\t\t\t\t<div class=\"elementor-container elementor-column-gap-default\">\n\t\t\t\t\t<div class=\"elementor-column elementor-col-50 elementor-inner-column elementor-element elementor-element-383665d\" data-id=\"383665d\" data-element_type=\"column\" data-e-type=\"column\">\n\t\t\t<div class=\"elementor-widget-wrap elementor-element-populated\">\n\t\t\t\t\t\t<div class=\"elementor-element elementor-element-383c261 elementor-widget elementor-widget-image\" data-id=\"383c261\" data-element_type=\"widget\" data-e-type=\"widget\" data-widget_type=\"image.default\">\n\t\t\t\t<div class=\"elementor-widget-container\">\n\t\t\t\t\t\t\t\t\t\t\t\t\t\t\t\t<a href=\"https:\/\/www.nm-estetyka.pl\/makijaz-permanentny\/\">\n\t\t\t\t\t\t\t<img decoding=\"async\" src=\"https:\/\/www.nm-estetyka.pl\/wp-content\/uploads\/elementor\/thumbs\/20221112_DSC_0555_Edit-scaled-q3zo8ygbeyu6oshv5cz1omx0npyvixlfohgjnvj2tc.jpg\" title=\"Makija\u017c permanentny\" alt=\"makija\u017c permanentny Warszawa\" loading=\"lazy\" \/>\t\t\t\t\t\t\t\t<\/a>\n\t\t\t\t\t\t\t\t\t\t\t\t\t\t\t<\/div>\n\t\t\t\t<\/div>\n\t\t\t\t<div class=\"elementor-element elementor-element-ca75a60 elementor-widget elementor-widget-text-editor\" data-id=\"ca75a60\" data-element_type=\"widget\" data-e-type=\"widget\" data-widget_type=\"text-editor.default\">\n\t\t\t\t<div class=\"elementor-widget-container\">\n\t\t\t\t\t\t\t\t\t<p>MAKIJA\u017b PERMANENTNY<\/p>\t\t\t\t\t\t\t\t<\/div>\n\t\t\t\t<\/div>\n\t\t\t\t<div class=\"elementor-element elementor-element-e182731 elementor-widget elementor-widget-text-editor\" data-id=\"e182731\" data-element_type=\"widget\" data-e-type=\"widget\" data-widget_type=\"text-editor.default\">\n\t\t\t\t<div class=\"elementor-widget-container\">\n\t\t\t\t\t\t\t\t\t<p data-start=\"304\" data-end=\"735\"><span data-start=\"304\" data-end=\"327\">Makija\u017c permanentny<\/span>\u00a0to innowacyjny <span data-start=\"362\" data-end=\"390\">zabieg trwa\u0142ego makija\u017cu<\/span>, kt\u00f3ry podkre\u015bla naturalne pi\u0119kno. W ofercie znajdziesz m.in. <span data-start=\"460\" data-end=\"480\">makija\u017c permanentny brwi<\/span>, <span data-start=\"482\" data-end=\"502\">ust<\/span>\u00a0oraz <span data-start=\"508\" data-end=\"543\" data-is-only-node=\"\">kreski permanentne na powiekach<\/span>. Zabieg mikropigmentacji gwarantuje d\u0142ugotrwa\u0142y efekt, idealny dla os\u00f3b ceni\u0105cych wygod\u0119 i estetyk\u0119. Postaw na profesjonalny trwa\u0142y\u00a0<span data-start=\"669\" data-end=\"687\">makija\u017c<\/span>\u00a0i ciesz si\u0119 perfekcyjnym wygl\u0105dem ka\u017cdego dnia.<\/p>\t\t\t\t\t\t\t\t<\/div>\n\t\t\t\t<\/div>\n\t\t\t\t\t<\/div>\n\t\t<\/div>\n\t\t\t\t<div class=\"elementor-column elementor-col-50 elementor-inner-column elementor-element elementor-element-2084fbd\" data-id=\"2084fbd\" data-element_type=\"column\" data-e-type=\"column\">\n\t\t\t<div class=\"elementor-widget-wrap elementor-element-populated\">\n\t\t\t\t\t\t<div class=\"elementor-element elementor-element-410a5c4 elementor-widget elementor-widget-image\" data-id=\"410a5c4\" data-element_type=\"widget\" data-e-type=\"widget\" data-widget_type=\"image.default\">\n\t\t\t\t<div class=\"elementor-widget-container\">\n\t\t\t\t\t\t\t\t\t\t\t\t\t\t\t\t<a href=\"https:\/\/www.nm-estetyka.pl\/mikropigmentacja-skory-glowy-i-zarostu\/\">\n\t\t\t\t\t\t\t<img decoding=\"async\" src=\"https:\/\/www.nm-estetyka.pl\/wp-content\/uploads\/elementor\/thumbs\/JPR_9412-1-q4ohbu4xxoywkxjrl96pzz2a1gdff7czokel5f3kzk.jpg\" title=\"Mikropigmentacja sk\u00f3ry g\u0142owy\" alt=\"Mikropigmentacja zarostu Warszawa\" loading=\"lazy\" \/>\t\t\t\t\t\t\t\t<\/a>\n\t\t\t\t\t\t\t\t\t\t\t\t\t\t\t<\/div>\n\t\t\t\t<\/div>\n\t\t\t\t<div class=\"elementor-element elementor-element-29e42dc elementor-widget elementor-widget-text-editor\" data-id=\"29e42dc\" data-element_type=\"widget\" data-e-type=\"widget\" data-widget_type=\"text-editor.default\">\n\t\t\t\t<div class=\"elementor-widget-container\">\n\t\t\t\t\t\t\t\t\t<p>MIKROPIGMENTACJA SK\u00d3RY G\u0141OWY I ZAROSTU<\/p>\t\t\t\t\t\t\t\t<\/div>\n\t\t\t\t<\/div>\n\t\t\t\t<div class=\"elementor-element elementor-element-1628c45 elementor-widget elementor-widget-text-editor\" data-id=\"1628c45\" data-element_type=\"widget\" data-e-type=\"widget\" data-widget_type=\"text-editor.default\">\n\t\t\t\t<div class=\"elementor-widget-container\">\n\t\t\t\t\t\t\t\t\t<p data-start=\"304\" data-end=\"735\">Mikropigmentacja sk\u00f3ry g\u0142owy i zarostu to skuteczny zabieg kamufluj\u0105cy ubytki w\u0142os\u00f3w oraz \u0142ysienie. Dzi\u0119ki precyzyjnemu wprowadzeniu pigmentu uzyskujemy efekt naturalnego zag\u0119szczenia w\u0142os\u00f3w i podkre\u015blenia zarostu. Postaw na profesjonaln\u0105 mikropigmentacj\u0119 sk\u00f3ry g\u0142owy i zarostu \u2013 trwa\u0142e rozwi\u0105zanie problem\u00f3w z \u0142ysieniem.<\/p>\t\t\t\t\t\t\t\t<\/div>\n\t\t\t\t<\/div>\n\t\t\t\t\t<\/div>\n\t\t<\/div>\n\t\t\t\t\t<\/div>\n\t\t<\/section>\n\t\t\t\t<section class=\"elementor-section elementor-inner-section elementor-element elementor-element-8f183f6 elementor-section-boxed elementor-section-height-default elementor-section-height-default\" data-id=\"8f183f6\" data-element_type=\"section\" data-e-type=\"section\">\n\t\t\t\t\t\t<div class=\"elementor-container elementor-column-gap-default\">\n\t\t\t\t\t<div class=\"elementor-column elementor-col-50 elementor-inner-column elementor-element elementor-element-c9ae4b7\" data-id=\"c9ae4b7\" data-element_type=\"column\" data-e-type=\"column\">\n\t\t\t<div class=\"elementor-widget-wrap elementor-element-populated\">\n\t\t\t\t\t\t<div class=\"elementor-element elementor-element-ae95706 elementor-widget elementor-widget-image\" data-id=\"ae95706\" data-element_type=\"widget\" data-e-type=\"widget\" data-widget_type=\"image.default\">\n\t\t\t\t<div class=\"elementor-widget-container\">\n\t\t\t\t\t\t\t\t\t\t\t\t\t\t\t\t<a href=\"https:\/\/www.nm-estetyka.pl\/laserowe-usuwanie-makijazu-permanentnego\/\">\n\t\t\t\t\t\t\t<img decoding=\"async\" src=\"https:\/\/www.nm-estetyka.pl\/wp-content\/uploads\/elementor\/thumbs\/20221112_DSC_0552_Edit-scaled-q3zo90bzsmwrc0f4udsatmfxuhplybswcqrimfgagw.jpg\" title=\"Makija\u017c permanentny\" alt=\"makija\u017c permanentny Warszawa\" loading=\"lazy\" \/>\t\t\t\t\t\t\t\t<\/a>\n\t\t\t\t\t\t\t\t\t\t\t\t\t\t\t<\/div>\n\t\t\t\t<\/div>\n\t\t\t\t<div class=\"elementor-element elementor-element-c938691 elementor-widget elementor-widget-text-editor\" data-id=\"c938691\" data-element_type=\"widget\" data-e-type=\"widget\" data-widget_type=\"text-editor.default\">\n\t\t\t\t<div class=\"elementor-widget-container\">\n\t\t\t\t\t\t\t\t\t<p>USUWANIE MIKROPIGMENTACJI<\/p>\t\t\t\t\t\t\t\t<\/div>\n\t\t\t\t<\/div>\n\t\t\t\t<div class=\"elementor-element elementor-element-69e7040 elementor-widget elementor-widget-text-editor\" data-id=\"69e7040\" data-element_type=\"widget\" data-e-type=\"widget\" data-widget_type=\"text-editor.default\">\n\t\t\t\t<div class=\"elementor-widget-container\">\n\t\t\t\t\t\t\t\t\t<p data-start=\"295\" data-end=\"758\"><span data-start=\"295\" data-end=\"339\">Laserowe usuwanie makija\u017cu permanentnego<\/span> to skuteczna i bezpieczna metoda redukcji niechcianego lub nieudanego pigmentu. Zabieg wykonywany za pomoc\u0105 nowoczesnego lasera neodymowego EXEO Q-SWITCHED pozwala na ca\u0142kowite usuni\u0119cie makija\u017cu permanentnego brwi, ust czy kresek. To idealne rozwi\u0105zanie dla os\u00f3b, kt\u00f3re chc\u0105 wykona\u0107 korekt\u0119 lub ca\u0142kowicie usun\u0105\u0107 stary pigment. Postaw na profesjonalne i <span data-start=\"703\" data-end=\"757\">bezpieczne usuwanie makija\u017cu permanentnego laserem<\/span>.<\/p>\t\t\t\t\t\t\t\t<\/div>\n\t\t\t\t<\/div>\n\t\t\t\t\t<\/div>\n\t\t<\/div>\n\t\t\t\t<div class=\"elementor-column elementor-col-50 elementor-inner-column elementor-element elementor-element-c17d2ad\" data-id=\"c17d2ad\" data-element_type=\"column\" data-e-type=\"column\">\n\t\t\t<div class=\"elementor-widget-wrap elementor-element-populated\">\n\t\t\t\t\t\t<div class=\"elementor-element elementor-element-9185d53 elementor-widget elementor-widget-image\" data-id=\"9185d53\" data-element_type=\"widget\" data-e-type=\"widget\" data-widget_type=\"image.default\">\n\t\t\t\t<div class=\"elementor-widget-container\">\n\t\t\t\t\t\t\t\t\t\t\t\t\t\t\t\t<a href=\"https:\/\/www.nm-estetyka.pl\/inne\/\">\n\t\t\t\t\t\t\t<img decoding=\"async\" src=\"https:\/\/www.nm-estetyka.pl\/wp-content\/uploads\/elementor\/thumbs\/20221112_DSC_0383_Edit-scaled-q3zo8vmsugqbpylyltr5z5mmvkcrvua8o3i381n9c0.jpg\" title=\"Makija\u017c permanentny\" alt=\"makija\u017c permanentny Warszawa\" loading=\"lazy\" \/>\t\t\t\t\t\t\t\t<\/a>\n\t\t\t\t\t\t\t\t\t\t\t\t\t\t\t<\/div>\n\t\t\t\t<\/div>\n\t\t\t\t<div class=\"elementor-element elementor-element-5394a17 elementor-widget elementor-widget-text-editor\" data-id=\"5394a17\" data-element_type=\"widget\" data-e-type=\"widget\" data-widget_type=\"text-editor.default\">\n\t\t\t\t<div class=\"elementor-widget-container\">\n\t\t\t\t\t\t\t\t\tINNE ZABIEGI\t\t\t\t\t\t\t\t<\/div>\n\t\t\t\t<\/div>\n\t\t\t\t<div class=\"elementor-element elementor-element-17ddb4e elementor-widget elementor-widget-text-editor\" data-id=\"17ddb4e\" data-element_type=\"widget\" data-e-type=\"widget\" data-widget_type=\"text-editor.default\">\n\t\t\t\t<div class=\"elementor-widget-container\">\n\t\t\t\t\t\t\t\t\t<p data-start=\"249\" data-end=\"732\">W ramach <span data-start=\"258\" data-end=\"294\">innych zabieg\u00f3w mikropigmentacji<\/span> oferujemy precyzyjne rozwi\u0105zania estetyczne, takie jak: <span data-start=\"351\" data-end=\"378\">mikropigmentacja pieg\u00f3w<\/span>, <span data-start=\"419\" data-end=\"457\">mikropigmentacja brodawki sutkowej<\/span> po zabiegach chirurgicznych oraz <span data-start=\"491\" data-end=\"528\">maskowanie blizn mikropigmentacj\u0105<\/span> \u2013 skuteczny kamufla\u017c blizn i przebarwie\u0144. To delikatne, ale trwa\u0142e metody poprawy wygl\u0105du sk\u00f3ry, kt\u00f3re przywracaj\u0105 pewno\u015b\u0107 siebie i komfort. Odkryj mo\u017cliwo\u015bci, jakie daje <span data-start=\"700\" data-end=\"731\">estetyczna mikropigmentacja<\/span>.<\/p>\t\t\t\t\t\t\t\t<\/div>\n\t\t\t\t<\/div>\n\t\t\t\t\t<\/div>\n\t\t<\/div>\n\t\t\t\t\t<\/div>\n\t\t<\/section>\n\t\t\t\t<div class=\"elementor-element elementor-element-9ec83a6 elementor-widget elementor-widget-spacer\" data-id=\"9ec83a6\" data-element_type=\"widget\" data-e-type=\"widget\" data-widget_type=\"spacer.default\">\n\t\t\t\t<div class=\"elementor-widget-container\">\n\t\t\t\t\t\t\t<div class=\"elementor-spacer\">\n\t\t\t<div class=\"elementor-spacer-inner\"><\/div>\n\t\t<\/div>\n\t\t\t\t\t\t<\/div>\n\t\t\t\t<\/div>\n\t\t\t\t\t<\/div>\n\t\t<\/div>\n\t\t\t\t\t<\/div>\n\t\t<\/section>\n\t\t\t\t<section class=\"elementor-section elementor-top-section elementor-element elementor-element-330985b elementor-section-boxed elementor-section-height-default elementor-section-height-default\" data-id=\"330985b\" data-element_type=\"section\" data-e-type=\"section\">\n\t\t\t\t\t\t<div class=\"elementor-container elementor-column-gap-default\">\n\t\t\t\t\t<div class=\"elementor-column elementor-col-100 elementor-top-column elementor-element elementor-element-a8a90c6\" data-id=\"a8a90c6\" data-element_type=\"column\" data-e-type=\"column\">\n\t\t\t<div class=\"elementor-widget-wrap elementor-element-populated\">\n\t\t\t\t\t\t<div class=\"elementor-element elementor-element-50b54bb elementor-widget elementor-widget-spacer\" data-id=\"50b54bb\" data-element_type=\"widget\" data-e-type=\"widget\" data-widget_type=\"spacer.default\">\n\t\t\t\t<div class=\"elementor-widget-container\">\n\t\t\t\t\t\t\t<div class=\"elementor-spacer\">\n\t\t\t<div class=\"elementor-spacer-inner\"><\/div>\n\t\t<\/div>\n\t\t\t\t\t\t<\/div>\n\t\t\t\t<\/div>\n\t\t\t\t<div class=\"elementor-element elementor-element-73d846d elementor-widget elementor-widget-heading\" data-id=\"73d846d\" data-element_type=\"widget\" data-e-type=\"widget\" data-widget_type=\"heading.default\">\n\t\t\t\t<div class=\"elementor-widget-container\">\n\t\t\t\t\t<h2 class=\"elementor-heading-title elementor-size-default\">Najnowsze wpisy<\/h2>\t\t\t\t<\/div>\n\t\t\t\t<\/div>\n\t\t\t\t<div class=\"elementor-element elementor-element-bebb1cb elementor-widget__width-auto elementor-search-form--skin-classic elementor-search-form--button-type-icon elementor-search-form--icon-search elementor-widget elementor-widget-search-form\" data-id=\"bebb1cb\" data-element_type=\"widget\" data-e-type=\"widget\" data-settings=\"{&quot;skin&quot;:&quot;classic&quot;}\" data-widget_type=\"search-form.default\">\n\t\t\t\t<div class=\"elementor-widget-container\">\n\t\t\t\t\t\t\t<form class=\"elementor-search-form\" role=\"search\" action=\"https:\/\/www.nm-estetyka.pl\/en\" method=\"get\">\n\t\t\t\t\t\t\t\t\t<div class=\"elementor-search-form__container\">\n\t\t\t\t\t\t\t\t<input placeholder=\"Znajd\u017a wpis\" class=\"elementor-search-form__input\" type=\"search\" name=\"s\" title=\"Search\" value=\"\">\n\t\t\t\t\t\t\t\t\t\t\t\t\t<button class=\"elementor-search-form__submit\" type=\"submit\" title=\"Search\" aria-label=\"Search\">\n\t\t\t\t\t\t\t\t\t\t\t\t\t<i aria-hidden=\"true\" class=\"fas fa-search\"><\/i>\t\t\t\t\t\t\t<span class=\"elementor-screen-only\">Search<\/span>\n\t\t\t\t\t\t\t\t\t\t\t<\/button>\n\t\t\t\t\t\t\t\t\t\t\t<\/div>\n\t\t<\/form>\n\t\t\t\t\t\t<\/div>\n\t\t\t\t<\/div>\n\t\t\t\t<div class=\"elementor-element elementor-element-a8d9698 elementor-widget elementor-widget-spacer\" data-id=\"a8d9698\" data-element_type=\"widget\" data-e-type=\"widget\" data-widget_type=\"spacer.default\">\n\t\t\t\t<div class=\"elementor-widget-container\">\n\t\t\t\t\t\t\t<div class=\"elementor-spacer\">\n\t\t\t<div class=\"elementor-spacer-inner\"><\/div>\n\t\t<\/div>\n\t\t\t\t\t\t<\/div>\n\t\t\t\t<\/div>\n\t\t\t\t<div class=\"elementor-element elementor-element-245eecf elementor-posts--align-left elementor-grid-3 elementor-grid-tablet-2 elementor-grid-mobile-1 elementor-posts--thumbnail-top elementor-card-shadow-yes elementor-posts__hover-gradient elementor-widget elementor-widget-posts\" data-id=\"245eecf\" data-element_type=\"widget\" data-e-type=\"widget\" data-settings=\"{&quot;cards_masonry&quot;:&quot;yes&quot;,&quot;cards_row_gap&quot;:{&quot;unit&quot;:&quot;px&quot;,&quot;size&quot;:30,&quot;sizes&quot;:[]},&quot;cards_columns&quot;:&quot;3&quot;,&quot;cards_columns_tablet&quot;:&quot;2&quot;,&quot;cards_columns_mobile&quot;:&quot;1&quot;,&quot;cards_row_gap_tablet&quot;:{&quot;unit&quot;:&quot;px&quot;,&quot;size&quot;:&quot;&quot;,&quot;sizes&quot;:[]},&quot;cards_row_gap_mobile&quot;:{&quot;unit&quot;:&quot;px&quot;,&quot;size&quot;:&quot;&quot;,&quot;sizes&quot;:[]}}\" data-widget_type=\"posts.cards\">\n\t\t\t\t<div class=\"elementor-widget-container\">\n\t\t\t\t\t\t\t<div class=\"elementor-posts-container elementor-posts elementor-posts--skin-cards elementor-grid\">\n\t\t\t\t<article class=\"elementor-post elementor-grid-item post-2615 post type-post status-publish format-standard has-post-thumbnail hentry category-pmu tag-mikropigmentacja-piegow\">\n\t\t\t<div class=\"elementor-post__card\">\n\t\t\t\t<a class=\"elementor-post__thumbnail__link\" href=\"https:\/\/www.nm-estetyka.pl\/en\/mikropigmentacja-piegow-naturalny-efekt\/\" ><div class=\"elementor-post__thumbnail\"><img decoding=\"async\" width=\"1200\" height=\"1600\" src=\"https:\/\/www.nm-estetyka.pl\/wp-content\/uploads\/2024\/09\/WhatsApp-Image-2024-09-17-at-14.02.38-13.jpeg\" class=\"attachment-full size-full wp-image-1454\" alt=\"makija\u017c permanentny Warszawa\" srcset=\"https:\/\/www.nm-estetyka.pl\/wp-content\/uploads\/2024\/09\/WhatsApp-Image-2024-09-17-at-14.02.38-13.jpeg 1200w, https:\/\/www.nm-estetyka.pl\/wp-content\/uploads\/2024\/09\/WhatsApp-Image-2024-09-17-at-14.02.38-13-225x300.jpeg 225w, https:\/\/www.nm-estetyka.pl\/wp-content\/uploads\/2024\/09\/WhatsApp-Image-2024-09-17-at-14.02.38-13-768x1024.jpeg 768w, https:\/\/www.nm-estetyka.pl\/wp-content\/uploads\/2024\/09\/WhatsApp-Image-2024-09-17-at-14.02.38-13-1152x1536.jpeg 1152w, https:\/\/www.nm-estetyka.pl\/wp-content\/uploads\/2024\/09\/WhatsApp-Image-2024-09-17-at-14.02.38-13-9x12.jpeg 9w\" sizes=\"(max-width: 1200px) 100vw, 1200px\" \/><\/div><\/a>\n\t\t\t\t<div class=\"elementor-post__text\">\n\t\t\t\t<h3 class=\"elementor-post__title\">\n\t\t\t<a href=\"https:\/\/www.nm-estetyka.pl\/en\/mikropigmentacja-piegow-naturalny-efekt\/\" >\n\t\t\t\tMikropigmentacja pieg\u00f3w: naturalny efekt sztuki na sk\u00f3rze\t\t\t<\/a>\n\t\t<\/h3>\n\t\t\t\t<div class=\"elementor-post__excerpt\">\n\t\t\t<p>Piegi od lat kojarzone s\u0105 z m\u0142odzie\u0144cz\u0105 \u015bwie\u017co\u015bci\u0105, wakacyjn\u0105 beztrosk\u0105 i naturalnym urokiem. Nie ka\u017cdy jednak zosta\u0142 nimi obdarzony przez natur\u0119, dlatego coraz wi\u0119ksz\u0105 popularno\u015bci\u0105 cieszy si\u0119 mikropigmentacja pieg\u00f3w &#8211; innowacyjna metoda pozwalaj\u0105ca na uzyskanie subtelnych, realistycznych plamek na sk\u00f3rze. Jak wygl\u0105da ten zabieg i czy warto si\u0119 na niego<\/p>\n\t\t<\/div>\n\t\t\n\t\t<a class=\"elementor-post__read-more\" href=\"https:\/\/www.nm-estetyka.pl\/en\/mikropigmentacja-piegow-naturalny-efekt\/\" >\n\t\t\tCZYTAJ DALEJ \u00bb\t\t<\/a>\n\n\t\t\t\t<\/div>\n\t\t\t\t<div class=\"elementor-post__meta-data\">\n\t\t\t\t\t<span class=\"elementor-post-date\">\n\t\t\t2025-02-09\t\t<\/span>\n\t\t\t\t<\/div>\n\t\t\t\t\t<\/div>\n\t\t<\/article>\n\t\t\t\t<article class=\"elementor-post elementor-grid-item post-2601 post type-post status-publish format-standard has-post-thumbnail hentry category-pmu tag-laserowe-usuwanie-makijazu-permanentnego\">\n\t\t\t<div class=\"elementor-post__card\">\n\t\t\t\t<a class=\"elementor-post__thumbnail__link\" href=\"https:\/\/www.nm-estetyka.pl\/en\/laserowe-usuwanie-makijazu-permanentnego-na-czym-polega\/\" ><div class=\"elementor-post__thumbnail\"><img decoding=\"async\" width=\"1600\" height=\"1600\" src=\"https:\/\/www.nm-estetyka.pl\/wp-content\/uploads\/2024\/09\/WhatsApp-Image-2024-09-21-at-19.00.04.jpeg\" class=\"attachment-full size-full wp-image-1718\" alt=\"laserowe usuwanie makija\u017cu permanentnego Warszawa\" srcset=\"https:\/\/www.nm-estetyka.pl\/wp-content\/uploads\/2024\/09\/WhatsApp-Image-2024-09-21-at-19.00.04.jpeg 1600w, https:\/\/www.nm-estetyka.pl\/wp-content\/uploads\/2024\/09\/WhatsApp-Image-2024-09-21-at-19.00.04-300x300.jpeg 300w, https:\/\/www.nm-estetyka.pl\/wp-content\/uploads\/2024\/09\/WhatsApp-Image-2024-09-21-at-19.00.04-1024x1024.jpeg 1024w, https:\/\/www.nm-estetyka.pl\/wp-content\/uploads\/2024\/09\/WhatsApp-Image-2024-09-21-at-19.00.04-150x150.jpeg 150w, https:\/\/www.nm-estetyka.pl\/wp-content\/uploads\/2024\/09\/WhatsApp-Image-2024-09-21-at-19.00.04-768x768.jpeg 768w, https:\/\/www.nm-estetyka.pl\/wp-content\/uploads\/2024\/09\/WhatsApp-Image-2024-09-21-at-19.00.04-1536x1536.jpeg 1536w, https:\/\/www.nm-estetyka.pl\/wp-content\/uploads\/2024\/09\/WhatsApp-Image-2024-09-21-at-19.00.04-12x12.jpeg 12w\" sizes=\"(max-width: 1600px) 100vw, 1600px\" \/><\/div><\/a>\n\t\t\t\t<div class=\"elementor-post__text\">\n\t\t\t\t<h3 class=\"elementor-post__title\">\n\t\t\t<a href=\"https:\/\/www.nm-estetyka.pl\/en\/laserowe-usuwanie-makijazu-permanentnego-na-czym-polega\/\" >\n\t\t\t\tLaserowe usuwanie makija\u017cu permanentnego &#8211; na czym polega?\t\t\t<\/a>\n\t\t<\/h3>\n\t\t\t\t<div class=\"elementor-post__excerpt\">\n\t\t\t<p>Makija\u017c permanentny jest popularnym rozwi\u0105zaniem dla os\u00f3b pragn\u0105cych podkre\u015bli\u0107 swoje rysy twarzy i zaoszcz\u0119dzi\u0107 czas na codziennym makija\u017cu. Jednak zdarzaj\u0105 si\u0119 sytuacje, w kt\u00f3rych efekt nie spe\u0142nia oczekiwa\u0144 \u2013 zmieniaj\u0105 si\u0119 trendy, preferencje estetyczne lub pigment nie rozk\u0142ada si\u0119 r\u00f3wnomiernie. W takich przypadkach skutecznym rozwi\u0105zaniem jest laserowe usuwanie makija\u017cu permanentnego.<\/p>\n\t\t<\/div>\n\t\t\n\t\t<a class=\"elementor-post__read-more\" href=\"https:\/\/www.nm-estetyka.pl\/en\/laserowe-usuwanie-makijazu-permanentnego-na-czym-polega\/\" >\n\t\t\tCZYTAJ DALEJ \u00bb\t\t<\/a>\n\n\t\t\t\t<\/div>\n\t\t\t\t<div class=\"elementor-post__meta-data\">\n\t\t\t\t\t<span class=\"elementor-post-date\">\n\t\t\t2025-02-09\t\t<\/span>\n\t\t\t\t<\/div>\n\t\t\t\t\t<\/div>\n\t\t<\/article>\n\t\t\t\t<article class=\"elementor-post elementor-grid-item post-2587 post type-post status-publish format-standard has-post-thumbnail hentry category-bez-kategorii tag-lysienie-plackowate\">\n\t\t\t<div class=\"elementor-post__card\">\n\t\t\t\t<a class=\"elementor-post__thumbnail__link\" href=\"https:\/\/www.nm-estetyka.pl\/en\/lysienie-plackowate\/\" ><div class=\"elementor-post__thumbnail\"><img loading=\"lazy\" decoding=\"async\" width=\"1920\" height=\"1280\" src=\"https:\/\/www.nm-estetyka.pl\/wp-content\/uploads\/2025\/01\/DSC_9204.jpg\" class=\"attachment-full size-full wp-image-2522\" alt=\"mikropigmentacja sk\u00f3ry g\u0142owy Warszawa\" srcset=\"https:\/\/www.nm-estetyka.pl\/wp-content\/uploads\/2025\/01\/DSC_9204.jpg 1920w, https:\/\/www.nm-estetyka.pl\/wp-content\/uploads\/2025\/01\/DSC_9204-300x200.jpg 300w, https:\/\/www.nm-estetyka.pl\/wp-content\/uploads\/2025\/01\/DSC_9204-1024x683.jpg 1024w, https:\/\/www.nm-estetyka.pl\/wp-content\/uploads\/2025\/01\/DSC_9204-768x512.jpg 768w, https:\/\/www.nm-estetyka.pl\/wp-content\/uploads\/2025\/01\/DSC_9204-1536x1024.jpg 1536w, https:\/\/www.nm-estetyka.pl\/wp-content\/uploads\/2025\/01\/DSC_9204-18x12.jpg 18w\" sizes=\"(max-width: 1920px) 100vw, 1920px\" \/><\/div><\/a>\n\t\t\t\t<div class=\"elementor-post__text\">\n\t\t\t\t<h3 class=\"elementor-post__title\">\n\t\t\t<a href=\"https:\/\/www.nm-estetyka.pl\/en\/lysienie-plackowate\/\" >\n\t\t\t\t\u0141ysienie plackowate \u2013 walka nie tylko z utrat\u0105 w\u0142os\u00f3w, ale i pewno\u015bci\u0105 siebie\t\t\t<\/a>\n\t\t<\/h3>\n\t\t\t\t<div class=\"elementor-post__excerpt\">\n\t\t\t<p>\u0141ysienie plackowate to schorzenie, kt\u00f3re dotyka zar\u00f3wno m\u0119\u017cczyzn, jak i kobiety, niezale\u017cnie od wieku. Jest to autoimmunologiczne zaburzenie, w kt\u00f3rym uk\u0142ad odporno\u015bciowy atakuje mieszki w\u0142osowe, prowadz\u0105c do wypadania w\u0142os\u00f3w w charakterystycznych, okr\u0105g\u0142ych lub owalnych plackach. Chocia\u017c \u0142ysienie plackowate bezpo\u015brednio nie zagra\u017ca \u017cyciu, potrafi znacznie wp\u0142yn\u0105\u0107 na jako\u015b\u0107 \u017cycia os\u00f3b, kt\u00f3re<\/p>\n\t\t<\/div>\n\t\t\n\t\t<a class=\"elementor-post__read-more\" href=\"https:\/\/www.nm-estetyka.pl\/en\/lysienie-plackowate\/\" >\n\t\t\tCZYTAJ DALEJ \u00bb\t\t<\/a>\n\n\t\t\t\t<\/div>\n\t\t\t\t<div class=\"elementor-post__meta-data\">\n\t\t\t\t\t<span class=\"elementor-post-date\">\n\t\t\t2025-01-23\t\t<\/span>\n\t\t\t\t<\/div>\n\t\t\t\t\t<\/div>\n\t\t<\/article>\n\t\t\t\t<article class=\"elementor-post elementor-grid-item post-2419 post type-post status-publish format-standard has-post-thumbnail hentry category-smp tag-bledy tag-mikropigmentacja-skory-glowy\">\n\t\t\t<div class=\"elementor-post__card\">\n\t\t\t\t<a class=\"elementor-post__thumbnail__link\" href=\"https:\/\/www.nm-estetyka.pl\/en\/te-bledy-moga-zepsuc-efekt-mikropigmentacji\/\" ><div class=\"elementor-post__thumbnail\"><img loading=\"lazy\" decoding=\"async\" width=\"1536\" height=\"2048\" src=\"https:\/\/www.nm-estetyka.pl\/wp-content\/uploads\/2024\/08\/WhatsApp-Image-2024-08-07-at-13.20.51.jpeg\" class=\"attachment-full size-full wp-image-1251\" alt=\"mikropigmentacja sk\u00f3ry g\u0142owy Warszawa\" srcset=\"https:\/\/www.nm-estetyka.pl\/wp-content\/uploads\/2024\/08\/WhatsApp-Image-2024-08-07-at-13.20.51.jpeg 1536w, https:\/\/www.nm-estetyka.pl\/wp-content\/uploads\/2024\/08\/WhatsApp-Image-2024-08-07-at-13.20.51-225x300.jpeg 225w, https:\/\/www.nm-estetyka.pl\/wp-content\/uploads\/2024\/08\/WhatsApp-Image-2024-08-07-at-13.20.51-768x1024.jpeg 768w, https:\/\/www.nm-estetyka.pl\/wp-content\/uploads\/2024\/08\/WhatsApp-Image-2024-08-07-at-13.20.51-1152x1536.jpeg 1152w, https:\/\/www.nm-estetyka.pl\/wp-content\/uploads\/2024\/08\/WhatsApp-Image-2024-08-07-at-13.20.51-9x12.jpeg 9w\" sizes=\"(max-width: 1536px) 100vw, 1536px\" \/><\/div><\/a>\n\t\t\t\t<div class=\"elementor-post__text\">\n\t\t\t\t<h3 class=\"elementor-post__title\">\n\t\t\t<a href=\"https:\/\/www.nm-estetyka.pl\/en\/te-bledy-moga-zepsuc-efekt-mikropigmentacji\/\" >\n\t\t\t\tTe b\u0142\u0119dy mog\u0105 zepsu\u0107 efekt mikropigmentacji \u2013 sprawd\u017a, jak ich unikn\u0105\u0107\t\t\t<\/a>\n\t\t<\/h3>\n\t\t\t\t<div class=\"elementor-post__excerpt\">\n\t\t\t<p>Mikropigmentacja sk\u00f3ry g\u0142owy to skuteczna i coraz bardziej popularna metoda, kt\u00f3ra pozwala odzyska\u0107 pewno\u015b\u0107 siebie i poprawi\u0107 wygl\u0105d os\u00f3b borykaj\u0105cych si\u0119 z problemem \u0142ysienia. Cho\u0107 sama procedura jest stosunkowo prosta, warto pami\u0119ta\u0107, \u017ce ostateczny efekt zale\u017cy od wielu czynnik\u00f3w. Niew\u0142a\u015bciwa technika, zbyt ma\u0142a uwaga po\u015bwi\u0119cona przygotowaniom czy nieodpowiednia piel\u0119gnacja sk\u00f3ry<\/p>\n\t\t<\/div>\n\t\t\n\t\t<a class=\"elementor-post__read-more\" href=\"https:\/\/www.nm-estetyka.pl\/en\/te-bledy-moga-zepsuc-efekt-mikropigmentacji\/\" >\n\t\t\tCZYTAJ DALEJ \u00bb\t\t<\/a>\n\n\t\t\t\t<\/div>\n\t\t\t\t<div class=\"elementor-post__meta-data\">\n\t\t\t\t\t<span class=\"elementor-post-date\">\n\t\t\t2024-11-27\t\t<\/span>\n\t\t\t\t<\/div>\n\t\t\t\t\t<\/div>\n\t\t<\/article>\n\t\t\t\t<article class=\"elementor-post elementor-grid-item post-2398 post type-post status-publish format-standard has-post-thumbnail hentry category-smp tag-roznice tag-tatuaz\">\n\t\t\t<div class=\"elementor-post__card\">\n\t\t\t\t<a class=\"elementor-post__thumbnail__link\" href=\"https:\/\/www.nm-estetyka.pl\/en\/mikropigmentacja-skory-glowy-a-tatuaz\/\" ><div class=\"elementor-post__thumbnail\"><img loading=\"lazy\" decoding=\"async\" width=\"1181\" height=\"1476\" src=\"https:\/\/www.nm-estetyka.pl\/wp-content\/uploads\/2023\/04\/JPR_9338-1.jpg\" class=\"attachment-full size-full wp-image-548\" alt=\"Mikropigmentacja sk\u00f3ry g\u0142owy Warszawa\" srcset=\"https:\/\/www.nm-estetyka.pl\/wp-content\/uploads\/2023\/04\/JPR_9338-1.jpg 1181w, https:\/\/www.nm-estetyka.pl\/wp-content\/uploads\/2023\/04\/JPR_9338-1-240x300.jpg 240w, https:\/\/www.nm-estetyka.pl\/wp-content\/uploads\/2023\/04\/JPR_9338-1-819x1024.jpg 819w, https:\/\/www.nm-estetyka.pl\/wp-content\/uploads\/2023\/04\/JPR_9338-1-768x960.jpg 768w, https:\/\/www.nm-estetyka.pl\/wp-content\/uploads\/2023\/04\/JPR_9338-1-10x12.jpg 10w\" sizes=\"(max-width: 1181px) 100vw, 1181px\" \/><\/div><\/a>\n\t\t\t\t<div class=\"elementor-post__text\">\n\t\t\t\t<h3 class=\"elementor-post__title\">\n\t\t\t<a href=\"https:\/\/www.nm-estetyka.pl\/en\/mikropigmentacja-skory-glowy-a-tatuaz\/\" >\n\t\t\t\tMikropigmentacja sk\u00f3ry g\u0142owy a tatua\u017c &#8211; jakie s\u0105 r\u00f3\u017cnice?\t\t\t<\/a>\n\t\t<\/h3>\n\t\t\t\t<div class=\"elementor-post__excerpt\">\n\t\t\t<p>Mikropigmentacja sk\u00f3ry g\u0142owy (SMP) i tatua\u017c to dwie procedury, kt\u00f3re na pierwszy rzut oka mog\u0105 wydawa\u0107 si\u0119 do siebie podobne, poniewa\u017c w obu przypadkach dochodzi do wprowadzania pigmentu pod sk\u00f3r\u0119. Jednak r\u00f3\u017cnice mi\u0119dzy nimi s\u0105 znacz\u0105ce i dotycz\u0105 nie tylko techniki wykonania, ale tak\u017ce celu i finalnego efektu zabiegu. Cho\u0107<\/p>\n\t\t<\/div>\n\t\t\n\t\t<a class=\"elementor-post__read-more\" href=\"https:\/\/www.nm-estetyka.pl\/en\/mikropigmentacja-skory-glowy-a-tatuaz\/\" >\n\t\t\tCZYTAJ DALEJ \u00bb\t\t<\/a>\n\n\t\t\t\t<\/div>\n\t\t\t\t<div class=\"elementor-post__meta-data\">\n\t\t\t\t\t<span class=\"elementor-post-date\">\n\t\t\t2024-11-26\t\t<\/span>\n\t\t\t\t<\/div>\n\t\t\t\t\t<\/div>\n\t\t<\/article>\n\t\t\t\t<article class=\"elementor-post elementor-grid-item post-2198 post type-post status-publish format-standard has-post-thumbnail hentry category-smp tag-mikropigmentacja-skory-glowy tag-mit tag-mity\">\n\t\t\t<div class=\"elementor-post__card\">\n\t\t\t\t<a class=\"elementor-post__thumbnail__link\" href=\"https:\/\/www.nm-estetyka.pl\/en\/najczestsze-mity-o-mikropigmentacji-skory-glowy\/\" ><div class=\"elementor-post__thumbnail\"><img loading=\"lazy\" decoding=\"async\" width=\"1536\" height=\"2048\" src=\"https:\/\/www.nm-estetyka.pl\/wp-content\/uploads\/2024\/10\/WhatsApp-Image-2024-10-03-at-16.52.37.jpeg\" class=\"attachment-full size-full wp-image-2054\" alt=\"mikropigmentacja sk\u00f3ry g\u0142owy Warszawa\" srcset=\"https:\/\/www.nm-estetyka.pl\/wp-content\/uploads\/2024\/10\/WhatsApp-Image-2024-10-03-at-16.52.37.jpeg 1536w, https:\/\/www.nm-estetyka.pl\/wp-content\/uploads\/2024\/10\/WhatsApp-Image-2024-10-03-at-16.52.37-225x300.jpeg 225w, https:\/\/www.nm-estetyka.pl\/wp-content\/uploads\/2024\/10\/WhatsApp-Image-2024-10-03-at-16.52.37-768x1024.jpeg 768w, https:\/\/www.nm-estetyka.pl\/wp-content\/uploads\/2024\/10\/WhatsApp-Image-2024-10-03-at-16.52.37-1152x1536.jpeg 1152w, https:\/\/www.nm-estetyka.pl\/wp-content\/uploads\/2024\/10\/WhatsApp-Image-2024-10-03-at-16.52.37-9x12.jpeg 9w\" sizes=\"(max-width: 1536px) 100vw, 1536px\" \/><\/div><\/a>\n\t\t\t\t<div class=\"elementor-post__text\">\n\t\t\t\t<h3 class=\"elementor-post__title\">\n\t\t\t<a href=\"https:\/\/www.nm-estetyka.pl\/en\/najczestsze-mity-o-mikropigmentacji-skory-glowy\/\" >\n\t\t\t\tNajcz\u0119stsze mity o mikropigmentacji sk\u00f3ry g\u0142owy\t\t\t<\/a>\n\t\t<\/h3>\n\t\t\t\t<div class=\"elementor-post__excerpt\">\n\t\t\t<p>Mikropigmentacja sk\u00f3ry g\u0142owy to innowacyjna procedura, kt\u00f3ra zdobywa coraz wi\u0119ksz\u0105 popularno\u015b\u0107 jako skuteczne rozwi\u0105zanie problem\u00f3w z \u0142ysieniem. Pomimo jej rosn\u0105cej popularno\u015bci, wci\u0105\u017c istnieje wiele nieporozumie\u0144 i mit\u00f3w dotycz\u0105cych tej techniki. W tym artykule obalamy najcz\u0119stsze mity o SMP, aby dostarczy\u0107 rzetelnych informacji i rozwia\u0107 wszelkie w\u0105tpliwo\u015bci. Mit 1: SMP to<\/p>\n\t\t<\/div>\n\t\t\n\t\t<a class=\"elementor-post__read-more\" href=\"https:\/\/www.nm-estetyka.pl\/en\/najczestsze-mity-o-mikropigmentacji-skory-glowy\/\" >\n\t\t\tCZYTAJ DALEJ \u00bb\t\t<\/a>\n\n\t\t\t\t<\/div>\n\t\t\t\t<div class=\"elementor-post__meta-data\">\n\t\t\t\t\t<span class=\"elementor-post-date\">\n\t\t\t2024-11-03\t\t<\/span>\n\t\t\t\t<\/div>\n\t\t\t\t\t<\/div>\n\t\t<\/article>\n\t\t\t\t<\/div>\n\t\t\n\t\t\t\t\t\t<\/div>\n\t\t\t\t<\/div>\n\t\t\t\t\t<\/div>\n\t\t<\/div>\n\t\t\t\t\t<\/div>\n\t\t<\/section>\n\t\t\t\t<\/div>\n\t\t","protected":false},"excerpt":{"rendered":"<p>Studio Mikropigmentacji Mikropigmentacja sk\u00f3ry g\u0142owy i zarostu Makija\u017c permanentny Laserowe usuwanie makija\u017cu permanentnego Mikropigmentacja pieg\u00f3w Mikropigmentacja brodawki Maskowanie blizn za pomoc\u0105 mikropigmentacji Zobacz na sobie planowany efekt mikropigmentacji. Um\u00f3w si\u0119 na konsultacj\u0119 z indywidualn\u0105 wizualizacj\u0105. Um\u00f3w konsultacj\u0119 https:\/\/www.nm-estetyka.pl\/wp-content\/uploads\/2025\/02\/bfb20c0f3d2e47e2924e7e03687f4600-1.mp4https:\/\/www.nm-estetyka.pl\/wp-content\/uploads\/2025\/02\/98d61122231046ed9ff7908db0d23c1e.mp4 Nadia Mencnarowska ARTYSTA MIKROPIGMENTACJI PMU &amp; SMP Z obszarem estetyki zwi\u0105zana jestem od przesz\u0142o 10 lat. Od [&hellip;]<\/p>\n","protected":false},"author":1,"featured_media":0,"parent":0,"menu_order":0,"comment_status":"closed","ping_status":"closed","template":"elementor_header_footer","meta":{"_angie_page":false,"footnotes":""},"class_list":["post-23","page","type-page","status-publish","hentry"],"_links":{"self":[{"href":"https:\/\/www.nm-estetyka.pl\/en\/wp-json\/wp\/v2\/pages\/23","targetHints":{"allow":["GET"]}}],"collection":[{"href":"https:\/\/www.nm-estetyka.pl\/en\/wp-json\/wp\/v2\/pages"}],"about":[{"href":"https:\/\/www.nm-estetyka.pl\/en\/wp-json\/wp\/v2\/types\/page"}],"author":[{"embeddable":true,"href":"https:\/\/www.nm-estetyka.pl\/en\/wp-json\/wp\/v2\/users\/1"}],"replies":[{"embeddable":true,"href":"https:\/\/www.nm-estetyka.pl\/en\/wp-json\/wp\/v2\/comments?post=23"}],"version-history":[{"count":381,"href":"https:\/\/www.nm-estetyka.pl\/en\/wp-json\/wp\/v2\/pages\/23\/revisions"}],"predecessor-version":[{"id":2950,"href":"https:\/\/www.nm-estetyka.pl\/en\/wp-json\/wp\/v2\/pages\/23\/revisions\/2950"}],"wp:attachment":[{"href":"https:\/\/www.nm-estetyka.pl\/en\/wp-json\/wp\/v2\/media?parent=23"}],"curies":[{"name":"wp","href":"https:\/\/api.w.org\/{rel}","templated":true}]}}